{"id":9983,"date":"2024-11-21T13:39:47","date_gmt":"2024-11-21T13:39:47","guid":{"rendered":"https:\/\/claus-von-benz.com\/?post_type=property&#038;p=9983"},"modified":"2026-03-06T08:18:59","modified_gmt":"2026-03-06T08:18:59","slug":"nova-santa-ponsa-atico-de-lujo-con-inmejorables-vistas-panoramicas-al-mar-y-a-las-islas-malgrat","status":"publish","type":"property","link":"https:\/\/claus-von-benz.com\/es\/inmobiliaria-mallorca\/nova-santa-ponsa-atico-de-lujo-con-inmejorables-vistas-panoramicas-al-mar-y-a-las-islas-malgrat\/","title":{"rendered":"Nova Santa Ponsa - Lujoso \u00e1tico con inmejorables vistas panor\u00e1micas al mar y a las Islas Malgrat"},"content":{"rendered":"<p>Bienvenido a este exquisito \u00e1tico, que ofrece 153 m\u00b2 de espacio habitable, as\u00ed como 135 m\u00b2 adicionales de terrazas cubiertas y descubiertas para el m\u00e1ximo confort. Tres amplios dormitorios y dos elegantes cuartos de ba\u00f1o, uno de ellos en suite, as\u00ed como una piscina privada le esperan aqu\u00ed - un verdadero refugio para los conocedores m\u00e1s exigentes.<\/p>\n\n\n\n<p>Equipada con un moderno ascensor para pasajeros, esta propiedad combina estilo y comodidad y es ideal para disfrutar al m\u00e1ximo de la vida mediterr\u00e1nea.<\/p>\n\n\n\n<p><strong>Ubicaci\u00f3n exclusiva en Port Adriano<\/strong><br>El \u00e1tico se encuentra en una ubicaci\u00f3n privilegiada, a tiro de piedra de la playa, de un renombrado campo de golf y del puerto deportivo de moda de Port Adriano. Este entorno privilegiado lo convierte en la elecci\u00f3n perfecta para los amantes del sol, el mar y un estilo de vida exclusivo.<\/p>\n\n\n\n<p><strong>Equipamiento de alta calidad y dise\u00f1o sofisticado<\/strong><br>Renovado en profundidad en 2017, el \u00e1tico presenta un estilo moderno y lujoso. Dispone de calefacci\u00f3n por suelo radiante para garantizar un confort acogedor incluso en los meses de invierno. El amplio sal\u00f3n-comedor con cocina de dise\u00f1o de planta abierta crea una armoniosa combinaci\u00f3n de elegancia y funcionalidad. El dormitorio principal con ba\u00f1o en suite ofrece un refugio privado, mientras que otros dos dormitorios y un ba\u00f1o separado proporcionan un amplio espacio para la familia o los invitados. Un lavadero proporciona comodidad adicional en la vida cotidiana.<\/p>\n\n\n\n<p><strong>Espacios al aire libre para los m\u00e1s exigentes<\/strong><br>La zona exterior impresiona con una amplia terraza en la azotea, que incluye una piscina privada y un acogedor sal\u00f3n: el lugar perfecto para terminar el d\u00eda con una impresionante vista del resplandeciente mar. Adem\u00e1s, la piscina comunitaria del cuidado complejo residencial, enclavada en un paisaje de parque mediterr\u00e1neo, invita a relajarse.<\/p>\n\n\n\n<p><strong>Exclusividad en un peque\u00f1o complejo residencial<\/strong><br>El complejo residencial consta de s\u00f3lo unas pocas unidades seleccionadas, lo que garantiza un ambiente especialmente privado y tranquilo. Rodeada de un id\u00edlico paisaje lagunar y una exuberante vegetaci\u00f3n mediterr\u00e1nea, esta propiedad ofrece una experiencia de vida \u00fanica que combina armoniosamente lujo, naturaleza y estilo.<\/p>\n\n\n\n<p>Disfrute de lo mejor de Mallorca: una vida de lujo en uno de los lugares m\u00e1s codiciados de la isla.<\/p>\n\n\n\n<p>PROPIEDADES<br>Superficie habitable: 153 m\u00b2<br>Terrazas: 135 m\u00b2<br>Dormitorio: 3<br>Ba\u00f1os: 2<br>Trastero<br>Plaza de aparcamiento exterior<br>Vista a la monta\u00f1a<br>Azotea<br>Port\u00f3n el\u00e9ctrico de entrada<br>Calefacci\u00f3n por suelo radiante<br>Piscina comunitaria<br>Conexi\u00f3n a Internet<br>Cocina de lujo<br>Campo de golf local<br>Televisi\u00f3n por sat\u00e9lite<br>C\u00e1maras de vigilancia<br>Calefacci\u00f3n de invierno<br>Alarma<br>Certificado energ\u00e9tico<br>Garaje<br>Playa local<br>Calefacci\u00f3n central<br>Ascensor<br>Armario vestidor<br>Doble acristalamiento<br>Residencia asegurada<br>Clima<br>Vistas al mar<br>Comercios locales<br>Piscina privada<br>Terraza cubierta<br>WiFi incluido<\/p>","protected":false},"excerpt":{"rendered":"<p>Willkommen in diesem exquisiten Penthouse, das auf 153 m\u00b2 Wohnfl\u00e4che sowie zus\u00e4tzlichen 135 m\u00b2 offenen und \u00fcberdachten Terrassen h\u00f6chsten Wohnkomfort bietet. Hier erwarten Sie drei gro\u00dfz\u00fcgige Schlafzimmer und zwei elegante B\u00e4der, eines davon en suite, sowie ein privater Swimmingpool \u2013 ein wahrer R\u00fcckzugsort f\u00fcr anspruchsvolle Genie\u00dfer. Mit einem modernen Personenaufzug ausgestattet, vereint diese Immobilie Stil [&hellip;]<\/p>","protected":false},"author":2,"featured_media":10003,"parent":0,"menu_order":0,"template":"","property_type":[28,138,145],"property_status":[172,25],"property_feature":[84,130,128,122,86,127,124,125,180,52,132,58],"property_label":[],"property_country":[65],"property_state":[66],"property_city":[184],"property_area":[95],"class_list":["post-9983","property","type-property","status-publish","has-post-thumbnail","hentry","property_type-appartement-kaufen-mallorca","property_type-penthouse-kaufen-mallorca","property_type-wohnanlage-kaufen-mallorca","property_status-renoviert","property_status-zu-verkaufen","property_feature-alarmanlage","property_feature-aufzug","property_feature-fussbodenheizung","property_feature-garage","property_feature-kellerraum","property_feature-markenkueche","property_feature-meerblick","property_feature-panoramablick","property_feature-stellplatz","property_feature-swimming-pool","property_feature-toplage","property_feature-wifi","property_country-spanien","property_state-mallorca","property_city-nova-santa-ponca","property_area-suedwesten"],"property_meta":{"_edit_lock":["1772785150:9"],"_thumbnail_id":["10003"],"_edit_last":["9"],"houzez_total_property_views":["459"],"houzez_views_by_date":["a:61:{s:10:\"02-26-2026\";i:4;s:10:\"02-27-2026\";i:4;s:10:\"02-28-2026\";i:2;s:10:\"03-01-2026\";i:2;s:10:\"03-02-2026\";i:17;s:10:\"03-03-2026\";i:6;s:10:\"03-04-2026\";i:9;s:10:\"03-05-2026\";i:6;s:10:\"03-06-2026\";i:13;s:10:\"03-07-2026\";i:3;s:10:\"03-08-2026\";i:6;s:10:\"03-09-2026\";i:5;s:10:\"03-10-2026\";i:14;s:10:\"03-11-2026\";i:6;s:10:\"03-12-2026\";i:4;s:10:\"03-13-2026\";i:9;s:10:\"03-14-2026\";i:2;s:10:\"03-15-2026\";i:2;s:10:\"03-16-2026\";i:5;s:10:\"03-17-2026\";i:6;s:10:\"03-18-2026\";i:3;s:10:\"03-19-2026\";i:7;s:10:\"03-20-2026\";i:8;s:10:\"03-21-2026\";i:7;s:10:\"03-22-2026\";i:6;s:10:\"03-23-2026\";i:1;s:10:\"03-24-2026\";i:2;s:10:\"03-25-2026\";i:7;s:10:\"03-26-2026\";i:6;s:10:\"03-27-2026\";i:4;s:10:\"03-28-2026\";i:5;s:10:\"03-29-2026\";i:2;s:10:\"03-30-2026\";i:2;s:10:\"03-31-2026\";i:4;s:10:\"04-01-2026\";i:2;s:10:\"04-02-2026\";i:8;s:10:\"04-03-2026\";i:1;s:10:\"04-04-2026\";i:1;s:10:\"04-05-2026\";i:1;s:10:\"04-06-2026\";i:3;s:10:\"04-07-2026\";i:1;s:10:\"04-08-2026\";i:4;s:10:\"04-09-2026\";i:6;s:10:\"04-10-2026\";i:5;s:10:\"04-11-2026\";i:1;s:10:\"04-14-2026\";i:4;s:10:\"04-15-2026\";i:1;s:10:\"04-16-2026\";i:2;s:10:\"04-17-2026\";i:4;s:10:\"04-19-2026\";i:7;s:10:\"04-20-2026\";i:5;s:10:\"04-21-2026\";i:3;s:10:\"04-22-2026\";i:3;s:10:\"04-23-2026\";i:2;s:10:\"04-24-2026\";i:5;s:10:\"04-25-2026\";i:3;s:10:\"04-26-2026\";i:5;s:10:\"04-28-2026\";i:4;s:10:\"04-29-2026\";i:1;s:10:\"04-30-2026\";i:2;s:10:\"05-01-2026\";i:3;}"],"houzez_recently_viewed":["2026-05-01 11:21:55"],"fave_property_price":["1995000"],"fave_show_price_placeholder":["0"],"fave_property_size":["153"],"fave_property_bedrooms":["3"],"fave_property_bathrooms":["2"],"fave_property_garage":["1"],"fave_property_id":["CVB-5025"],"fave_property_map":["1"],"fave_property_map_address":["Port Adriano, Avinguda del Mar, el Toro, Calvi\u00e0, Serra de Tramuntana, Illes Balears, 07180, Espa\u00f1a"],"fave_property_location":["39.494503619772,2.4817085266113,13"],"houzez_geolocation_lat":["39.494503619772"],"houzez_geolocation_long":["2.4817085266113"],"fave_property_map_street_view":["show"],"fave_featured":["0"],"houzez_featured_listing_date":[""],"fave_loggedintoview":["0"],"fave_agent_display_option":["agent_info"],"fave_agents":["158"],"fave_prop_homeslider":["no"],"fave_private_note":["Kontakt von Isabel &gt; Direct Mallorca - Alexandra\r\nRef.-Nr. 240412"],"fave_single_top_area":["global"],"fave_single_content_area":["global"],"additional_features":["a:3:{i:0;a:2:{s:29:\"fave_additional_feature_title\";s:8:\"Ausblick\";s:29:\"fave_additional_feature_value\";s:14:\"Malgrat-Inseln\";}i:1;a:2:{s:29:\"fave_additional_feature_title\";s:7:\"Heizung\";s:29:\"fave_additional_feature_value\";s:17:\"Fussbodenheizeung\";}i:2;a:2:{s:29:\"fave_additional_feature_title\";s:23:\"Aufw\u00f6ndige Renovierung\";s:29:\"fave_additional_feature_value\";s:4:\"2017\";}}"],"_uf_disable_surveys":[""],"_seopress_redirections_type":["301"],"_seopress_redirections_logged_status":["both"],"_seopress_video":["a:1:{i:0;a:8:{s:3:\"url\";s:0:\"\";s:5:\"title\";s:0:\"\";s:4:\"desc\";s:0:\"\";s:9:\"thumbnail\";s:0:\"\";s:8:\"duration\";s:0:\"\";s:6:\"rating\";s:0:\"\";s:10:\"view_count\";s:0:\"\";s:3:\"tag\";s:0:\"\";}}"],"_seopress_analysis_target_kw":[""],"om_disable_all_campaigns":[""],"houzez_manual_expire":["0"],"_houzez_expiration_date_status":["saved"],"_elementor_page_assets":["a:0:{}"],"fave_property_images":["10001","9988","9987","9989","9999","9986","10000","9994","9995","9990","9998","9991","9997","9996","9993","9992"]},"_links":{"self":[{"href":"https:\/\/claus-von-benz.com\/es\/wp-json\/wp\/v2\/properties\/9983","targetHints":{"allow":["GET"]}}],"collection":[{"href":"https:\/\/claus-von-benz.com\/es\/wp-json\/wp\/v2\/properties"}],"about":[{"href":"https:\/\/claus-von-benz.com\/es\/wp-json\/wp\/v2\/types\/property"}],"author":[{"embeddable":true,"href":"https:\/\/claus-von-benz.com\/es\/wp-json\/wp\/v2\/users\/2"}],"version-history":[{"count":2,"href":"https:\/\/claus-von-benz.com\/es\/wp-json\/wp\/v2\/properties\/9983\/revisions"}],"predecessor-version":[{"id":10156,"href":"https:\/\/claus-von-benz.com\/es\/wp-json\/wp\/v2\/properties\/9983\/revisions\/10156"}],"wp:featuredmedia":[{"embeddable":true,"href":"https:\/\/claus-von-benz.com\/es\/wp-json\/wp\/v2\/media\/10003"}],"wp:attachment":[{"href":"https:\/\/claus-von-benz.com\/es\/wp-json\/wp\/v2\/media?parent=9983"}],"wp:term":[{"taxonomy":"property_type","embeddable":true,"href":"https:\/\/claus-von-benz.com\/es\/wp-json\/wp\/v2\/property_type?post=9983"},{"taxonomy":"property_status","embeddable":true,"href":"https:\/\/claus-von-benz.com\/es\/wp-json\/wp\/v2\/property_status?post=9983"},{"taxonomy":"property_feature","embeddable":true,"href":"https:\/\/claus-von-benz.com\/es\/wp-json\/wp\/v2\/property_feature?post=9983"},{"taxonomy":"property_label","embeddable":true,"href":"https:\/\/claus-von-benz.com\/es\/wp-json\/wp\/v2\/property_label?post=9983"},{"taxonomy":"property_country","embeddable":true,"href":"https:\/\/claus-von-benz.com\/es\/wp-json\/wp\/v2\/property_country?post=9983"},{"taxonomy":"property_state","embeddable":true,"href":"https:\/\/claus-von-benz.com\/es\/wp-json\/wp\/v2\/property_state?post=9983"},{"taxonomy":"property_city","embeddable":true,"href":"https:\/\/claus-von-benz.com\/es\/wp-json\/wp\/v2\/property_city?post=9983"},{"taxonomy":"property_area","embeddable":true,"href":"https:\/\/claus-von-benz.com\/es\/wp-json\/wp\/v2\/property_area?post=9983"}],"curies":[{"name":"wp","href":"https:\/\/api.w.org\/{rel}","templated":true}]}}