{"id":7968,"date":"2024-08-07T10:10:32","date_gmt":"2024-08-07T10:10:32","guid":{"rendered":"https:\/\/claus-von-benz.com\/?post_type=property&#038;p=7968"},"modified":"2024-09-13T10:01:15","modified_gmt":"2024-09-13T10:01:15","slug":"palma-exclusivo-atico-con-gran-terraza-en-el-casco-antiguo","status":"publish","type":"property","link":"https:\/\/claus-von-benz.com\/es\/inmobiliaria-mallorca\/palma-exclusivo-atico-con-gran-terraza-en-el-casco-antiguo\/","title":{"rendered":"Palma Casco Antiguo - Exclusivo \u00e1tico con gran terraza"},"content":{"rendered":"<p>Descubra un \u00e1tico \u00fanico en el coraz\u00f3n del casco antiguo de Palma que le ofrece puro lujo y privacidad en una sola planta. Esta joya cuenta con una amplia terraza privada de aprox. 35 m\u00b2 desde la que podr\u00e1 disfrutar de impresionantes vistas del casco antiguo.<\/p>\n\n\n\n<p>El \u00e1tico est\u00e1 situado en un edificio bien cuidado con s\u00f3lo seis unidades residenciales, repartidas en tres plantas, y le promete una vida exclusiva en un barrio tranquilo. El luminoso sal\u00f3n-comedor ofrece acceso directo a la espaciosa terraza, mientras que los amplios frentes de ventana ofrecen vistas a la terraza y a varias imponentes iglesias.<\/p>\n\n\n\n<p>La cocina de dise\u00f1o de planta abierta est\u00e1 totalmente equipada con electrodom\u00e9sticos de marca de alta calidad y ofrece todo lo que el coraz\u00f3n de un experto culinario desea. La zona de dormitorio puede separarse de la zona de estar mediante una elegante puerta corredera y cuenta con un moderno cuarto de ba\u00f1o que cumple los m\u00e1s altos est\u00e1ndares.<\/p>\n\n\n\n<p>Disfrute de la tranquilidad de esta propiedad \u00fanica, que da a un patio y jard\u00edn mediterr\u00e1neos. El \u00e1tico est\u00e1 amueblado con un alto nivel y moderno y le ofrece todas las comodidades que pueda desear.<\/p>\n\n\n\n<p>Con una ubicaci\u00f3n inmejorable en la Plaza San Francesc del casco antiguo de Palma, este \u00e1tico es el refugio ideal para todos aquellos que quieran disfrutar al m\u00e1ximo del encanto especial de Mallorca.<\/p>\n\n\n\n<p><strong>Experimente el lujo y la exclusividad en uno de los lugares m\u00e1s codiciados de Mallorca. P\u00f3ngase en contacto con nosotros para obtener m\u00e1s informaci\u00f3n sobre este listado secreto.<\/strong><\/p>","protected":false},"excerpt":{"rendered":"<p>Descubra un \u00e1tico \u00fanico en el coraz\u00f3n del casco antiguo de Palma que le ofrece puro lujo y privacidad en una sola planta. Esta joya cuenta con una amplia terraza privada de aprox. 35 m\u00b2 desde la que podr\u00e1 disfrutar de impresionantes vistas del casco antiguo. El \u00e1tico est\u00e1 situado en un edificio bien cuidado con [...]<\/p>","protected":false},"author":2,"featured_media":7971,"parent":0,"menu_order":0,"template":"","property_type":[28,138],"property_status":[],"property_feature":[82,132],"property_label":[147,148],"property_country":[65],"property_state":[66],"property_city":[191],"property_area":[192],"class_list":["post-7968","property","type-property","status-publish","has-post-thumbnail","hentry","property_type-appartement-kaufen-mallorca","property_type-penthouse-kaufen-mallorca","property_feature-moebliert","property_feature-toplage","property_label-secret-listing","property_label-verkauft","property_country-spanien","property_state-mallorca","property_city-palma","property_area-palma"],"property_meta":{"_edit_lock":["1728300815:2"],"_thumbnail_id":["7971"],"_edit_last":["5"],"fave_property_price":["950000"],"fave_show_price_placeholder":["0"],"fave_property_size":["ca. 60"],"fave_property_id":["CVB-5034SL"],"fave_property_map":["1"],"fave_property_location":["39.576056385186,2.6490783691406,10"],"houzez_geolocation_lat":["39.576056385186"],"houzez_geolocation_long":["2.6490783691406"],"fave_property_map_street_view":["show"],"fave_featured":["0"],"houzez_featured_listing_date":[""],"fave_loggedintoview":["0"],"fave_agent_display_option":["agent_info"],"fave_agents":["158"],"fave_prop_homeslider":["no"],"fave_private_note":["Hat Dahler exklusiv - von Frank Bohne"],"fave_single_top_area":["global"],"fave_single_content_area":["global"],"additional_features":["a:2:{i:0;a:2:{s:29:\"fave_additional_feature_title\";s:4:\"Lage\";s:29:\"fave_additional_feature_value\";s:32:\"Im Herzen der Altstadt von Palma\";}i:1;a:2:{s:29:\"fave_additional_feature_title\";s:11:\"Ausstattung\";s:29:\"fave_additional_feature_value\";s:20:\"Hochwertig m\u00f6bliert\";}}"],"_uf_disable_surveys":[""],"_seopress_redirections_type":["301"],"_seopress_redirections_logged_status":["both"],"_seopress_video":["a:1:{i:0;a:8:{s:3:\"url\";s:0:\"\";s:5:\"title\";s:0:\"\";s:4:\"desc\";s:0:\"\";s:9:\"thumbnail\";s:0:\"\";s:8:\"duration\";s:0:\"\";s:6:\"rating\";s:0:\"\";s:10:\"view_count\";s:0:\"\";s:3:\"tag\";s:0:\"\";}}"],"_seopress_analysis_target_kw":[""],"om_disable_all_campaigns":[""],"houzez_manual_expire":["0"],"_houzez_expiration_date_status":["saved"],"houzez_total_property_views":["465"],"houzez_views_by_date":["a:61:{s:10:\"02-28-2026\";i:4;s:10:\"03-02-2026\";i:8;s:10:\"03-03-2026\";i:6;s:10:\"03-04-2026\";i:3;s:10:\"03-05-2026\";i:9;s:10:\"03-06-2026\";i:1;s:10:\"03-07-2026\";i:3;s:10:\"03-08-2026\";i:1;s:10:\"03-09-2026\";i:3;s:10:\"03-10-2026\";i:9;s:10:\"03-11-2026\";i:5;s:10:\"03-12-2026\";i:4;s:10:\"03-13-2026\";i:5;s:10:\"03-14-2026\";i:6;s:10:\"03-15-2026\";i:5;s:10:\"03-16-2026\";i:6;s:10:\"03-17-2026\";i:6;s:10:\"03-18-2026\";i:5;s:10:\"03-19-2026\";i:6;s:10:\"03-20-2026\";i:9;s:10:\"03-21-2026\";i:9;s:10:\"03-22-2026\";i:1;s:10:\"03-23-2026\";i:3;s:10:\"03-24-2026\";i:3;s:10:\"03-25-2026\";i:9;s:10:\"03-26-2026\";i:5;s:10:\"03-27-2026\";i:2;s:10:\"03-28-2026\";i:10;s:10:\"03-29-2026\";i:2;s:10:\"03-30-2026\";i:1;s:10:\"03-31-2026\";i:4;s:10:\"04-01-2026\";i:2;s:10:\"04-02-2026\";i:5;s:10:\"04-03-2026\";i:1;s:10:\"04-05-2026\";i:2;s:10:\"04-06-2026\";i:3;s:10:\"04-07-2026\";i:1;s:10:\"04-08-2026\";i:4;s:10:\"04-09-2026\";i:7;s:10:\"04-10-2026\";i:2;s:10:\"04-11-2026\";i:2;s:10:\"04-12-2026\";i:3;s:10:\"04-13-2026\";i:2;s:10:\"04-14-2026\";i:5;s:10:\"04-15-2026\";i:3;s:10:\"04-16-2026\";i:1;s:10:\"04-17-2026\";i:7;s:10:\"04-18-2026\";i:4;s:10:\"04-19-2026\";i:6;s:10:\"04-20-2026\";i:3;s:10:\"04-21-2026\";i:4;s:10:\"04-22-2026\";i:2;s:10:\"04-23-2026\";i:4;s:10:\"04-24-2026\";i:3;s:10:\"04-25-2026\";i:5;s:10:\"04-26-2026\";i:8;s:10:\"04-27-2026\";i:4;s:10:\"04-28-2026\";i:5;s:10:\"04-29-2026\";i:5;s:10:\"04-30-2026\";i:5;s:10:\"05-01-2026\";i:6;}"],"houzez_recently_viewed":["2026-05-01 16:18:55"],"fave_property_map_address":["Palma, Illes Balears, Espa\u00f1a"],"fave_property_bedrooms":["1"],"fave_property_bathrooms":["1"],"_trp_automatically_translated_slug_es_ES":["palma-exclusivo-atico-con-gran-terraza-en-el-casco-antiguo"],"_trp_automatically_translated_slug_en_US":["palma-exclusive-penthouse-with-large-terrace-in-the-old-town"],"fave_property_images":["7971","7973","7974","7975","7976"],"rs_page_bg_color":[""],"_elementor_page_assets":["a:0:{}"]},"_links":{"self":[{"href":"https:\/\/claus-von-benz.com\/es\/wp-json\/wp\/v2\/properties\/7968","targetHints":{"allow":["GET"]}}],"collection":[{"href":"https:\/\/claus-von-benz.com\/es\/wp-json\/wp\/v2\/properties"}],"about":[{"href":"https:\/\/claus-von-benz.com\/es\/wp-json\/wp\/v2\/types\/property"}],"author":[{"embeddable":true,"href":"https:\/\/claus-von-benz.com\/es\/wp-json\/wp\/v2\/users\/2"}],"version-history":[{"count":3,"href":"https:\/\/claus-von-benz.com\/es\/wp-json\/wp\/v2\/properties\/7968\/revisions"}],"predecessor-version":[{"id":7978,"href":"https:\/\/claus-von-benz.com\/es\/wp-json\/wp\/v2\/properties\/7968\/revisions\/7978"}],"wp:featuredmedia":[{"embeddable":true,"href":"https:\/\/claus-von-benz.com\/es\/wp-json\/wp\/v2\/media\/7971"}],"wp:attachment":[{"href":"https:\/\/claus-von-benz.com\/es\/wp-json\/wp\/v2\/media?parent=7968"}],"wp:term":[{"taxonomy":"property_type","embeddable":true,"href":"https:\/\/claus-von-benz.com\/es\/wp-json\/wp\/v2\/property_type?post=7968"},{"taxonomy":"property_status","embeddable":true,"href":"https:\/\/claus-von-benz.com\/es\/wp-json\/wp\/v2\/property_status?post=7968"},{"taxonomy":"property_feature","embeddable":true,"href":"https:\/\/claus-von-benz.com\/es\/wp-json\/wp\/v2\/property_feature?post=7968"},{"taxonomy":"property_label","embeddable":true,"href":"https:\/\/claus-von-benz.com\/es\/wp-json\/wp\/v2\/property_label?post=7968"},{"taxonomy":"property_country","embeddable":true,"href":"https:\/\/claus-von-benz.com\/es\/wp-json\/wp\/v2\/property_country?post=7968"},{"taxonomy":"property_state","embeddable":true,"href":"https:\/\/claus-von-benz.com\/es\/wp-json\/wp\/v2\/property_state?post=7968"},{"taxonomy":"property_city","embeddable":true,"href":"https:\/\/claus-von-benz.com\/es\/wp-json\/wp\/v2\/property_city?post=7968"},{"taxonomy":"property_area","embeddable":true,"href":"https:\/\/claus-von-benz.com\/es\/wp-json\/wp\/v2\/property_area?post=7968"}],"curies":[{"name":"wp","href":"https:\/\/api.w.org\/{rel}","templated":true}]}}