{"id":5325,"date":"2024-01-08T16:34:16","date_gmt":"2024-01-08T16:34:16","guid":{"rendered":"https:\/\/claus-von-benz.com\/?post_type=property&#038;p=5325"},"modified":"2024-09-05T11:38:45","modified_gmt":"2024-09-05T11:38:45","slug":"villa-de-lujo-de-superlativos-en-cala-llamp-port-dandratx","status":"publish","type":"property","link":"https:\/\/claus-von-benz.com\/es\/inmobiliaria-mallorca\/villa-de-lujo-de-superlativos-en-cala-llamp-port-dandratx\/","title":{"rendered":"Villa de lujo de superlativos en Cala Llamp \/ Port d'Andratx"},"content":{"rendered":"<p>Esta villa moderna y contempor\u00e1nea en Puerto Andratx se construy\u00f3 sobre una parcela de 1.038 m\u00b2 en la codiciada urbanizaci\u00f3n de Cala Llamp, prestando especial atenci\u00f3n a la m\u00e1s alta calidad de construcci\u00f3n y equipamiento.<\/p>\n\n\n\n<p>La villa goza de una excelente ubicaci\u00f3n con vistas al mar y espectaculares puestas de sol en la popular bah\u00eda. La superficie habitable total de la villa de lujo es de 691 m\u00b2, incluyendo amplias terrazas (aprox. 150 m\u00b2). La propiedad impresiona con un majestuoso hall de entrada, un luminoso sal\u00f3n, una sala de TV independiente y una cocina de lujo Varenna de primera clase con barra de desayuno. Seis dormitorios, cada uno con su propio cuarto de ba\u00f1o, ofrecen un amplio espacio. La zona exterior ofrece una impresionante piscina infinita, amplias zonas de terraza y una cocina de verano para el entretenimiento.<\/p>\n\n\n\n<p>Otras comodidades de esta propiedad incluyen un ascensor, un acogedor hall de entrada, una cocina de lujo de \u00faltima generaci\u00f3n de Nolte con electrodom\u00e9sticos Gaggenau, armarios empotrados a medida, ventanas de doble acristalamiento, un sistema inteligente de hogar inteligente, una piscina infinita de agua salada (25 m\u00b2), una sala de televisi\u00f3n independiente, ba\u00f1os contempor\u00e1neos de Duravit y Hansgrohe, suelos de piedra caliza fina, puertas batientes y correderas de roble hechas a medida con herrajes de acero inoxidable cepillado, calefacci\u00f3n por suelo radiante, aire acondicionado (fr\u00edo\/calor), sistema de descalcificaci\u00f3n y filtraci\u00f3n de agua, una chimenea de gas, un amplio aparcamiento subterr\u00e1neo para hasta 7 veh\u00edculos, una plataforma giratoria el\u00e9ctrica para coches en la zona de entrada y un dise\u00f1o interior de alta calidad con muebles de marcas de renombre como Minotti, Eichholtz y Gaggenau. La suite principal cuenta con cortinas el\u00e9ctricas, y una zona para tomar el sol con funci\u00f3n de jacuzzi en la zona de la piscina invita a relajarse.<\/p>\n\n\n\n<p>Puerto Andratx es sin duda uno de los lugares m\u00e1s exclusivos de Mallorca y pertenece al municipio de Andratx. Est\u00e1 situado en el extremo suroeste de la isla, muy codiciado. El encantador puerto natural para barcos de pesca y yates ofrece un largo paseo mar\u00edtimo, as\u00ed como finos restaurantes, bistros y caf\u00e9s.<\/p>\n\n\n\n<p><strong>He aqu\u00ed otros datos impresionantes:<\/strong><\/p>\n\n\n\n<p>El equipamiento interior de primera clase incluye, entre otras cosas:<\/p>\n\n\n\n<ul class=\"wp-block-list\">\n<li>Exclusiva cocina totalmente equipada e integrada de Leicht con electrodom\u00e9sticos de Gaggenau<\/li>\n\n\n\n<li>Magn\u00edficos cuartos de ba\u00f1o contempor\u00e1neos con sanitarios de Dornbracht y Hansgrohe,<\/li>\n\n\n\n<li>Paredes y suelos de piedra natural y paredes y puertas de ducha de cristal sin marco<\/li>\n\n\n\n<li>Armarios empotrados de suelo a techo en todos los dormitorios<\/li>\n\n\n\n<li>Suelos de piedra natural de gran formato en toda la casa, parquet en los dormitorios<\/li>\n\n\n\n<li>Puertas batientes y correderas a medida con herrajes de acero inoxidable cepillado<\/li>\n<\/ul>\n\n\n\n<p>Espacios exteriores dise\u00f1ados por arquitectos paisajistas:<\/p>\n\n\n\n<ul class=\"wp-block-list\">\n<li>Amplias terrazas de piedra natural<\/li>\n\n\n\n<li>Fant\u00e1stica piscina infinita con tratamiento autom\u00e1tico de agua salada<\/li>\n\n\n\n<li>Terraza frente a cocina y comedor con cocina exterior<\/li>\n\n\n\n<li>Iluminaci\u00f3n de zonas exteriores y jardines<\/li>\n<\/ul>\n\n\n\n<p>A los servicios del edificio:<\/p>\n\n\n\n<ul class=\"wp-block-list\">\n<li>Sistema dom\u00f3tico completo y f\u00e1cil de usar<\/li>\n\n\n\n<li>Videoportero y abrepuertas el\u00e9ctrico<\/li>\n\n\n\n<li>Ascensor a todas las plantas<\/li>\n\n\n\n<li>Iluminaci\u00f3n LED de bajo voltaje totalmente controlable en todas las zonas de estar<\/li>\n\n\n\n<li>Sistema de aire acondicionado VRV independiente de Daikin en todos los dormitorios y salones<\/li>\n\n\n\n<li>Calefacci\u00f3n por suelo radiante en todos los salones<\/li>\n\n\n\n<li>Sistema de ablandamiento y purificaci\u00f3n del agua<\/li>\n\n\n\n<li>Chimenea de gas en la pared<\/li>\n<\/ul>\n\n\n\n<p>El precio de compra incluye el mobiliario completo (cuchillo, tenedor, ropa de cama, etc. sin pintura mural)<br>\u00a0\u2028<br><strong>Certificado energ\u00e9tico<\/strong><br>Clase: C<\/p>\n\n\n\n<p><strong>Ubicaci\u00f3n<\/strong><br>Cala Llamp es la bah\u00eda vecina de Port Andratx, en el suroeste de Mallorca, a dos kil\u00f3metros de distancia. Este tramo de costa se caracteriza por no tener arena, s\u00f3lo rocas lisas. La peque\u00f1a bah\u00eda rocosa es muy popular entre los residentes de Andratx. Despu\u00e9s de todo, el municipio no est\u00e1 bendecido con demasiadas playas. En verano, el club de playa de Cala Llamp es un popular punto de encuentro para comer, beber y relajarse. Tambi\u00e9n hay una piscina a disposici\u00f3n de los clientes. La bah\u00eda no es apta para nadadores.<br>Port Andratx se encuentra en el extremo suroeste de la isla balear, a unos 5 kil\u00f3metros de Andratx. Todav\u00eda conserva un puerto pesquero en funcionamiento donde podr\u00e1 sentarse al aire libre en uno de los muchos restaurantes, caf\u00e9s o bares. Sus dos playas son muy peque\u00f1as, pero hay otras m\u00e1s grandes en las inmediaciones, as\u00ed como numerosos destinos de excursi\u00f3n, lujosos balnearios y campos de golf. Hay una calle comercial principal a lo largo del paseo mar\u00edtimo y m\u00e1s tiendas en las calles traseras, que se encuentran en las colinas de fuerte pendiente que rodean la ciudad.<\/p>\n\n\n\n<p><strong>PROPIEDADES<\/strong><br>Superficie parcela aprox. 1.038 m\u00b2<br>Superficie habitable aprox. 400 m\u00b2<br>Superficie \u00fatil aprox. 690 m\u00b2<br>Terrazas aprox. 150 m\u00b2<br>6 habitaciones<br>7 ba\u00f1os<\/p>","protected":false},"excerpt":{"rendered":"<p>Esta villa moderna y contempor\u00e1nea en Puerto Andratx se construy\u00f3 sobre una parcela de 1.038 m\u00b2 en la codiciada urbanizaci\u00f3n de Cala Llamp prestando especial atenci\u00f3n a la m\u00e1s alta calidad de construcci\u00f3n y equipamiento. La villa goza de una excelente ubicaci\u00f3n con vistas al mar y espectaculares puestas de sol en la popular bah\u00eda. La superficie habitable total de la villa de lujo es de 691 m\u00b2, [...]<\/p>","protected":false},"author":2,"featured_media":5378,"parent":0,"menu_order":0,"template":"","property_type":[22,137],"property_status":[25],"property_feature":[130,87,128,122,136,168,131,129,78,127,82,169,132,56,167,59,121],"property_label":[171],"property_country":[65],"property_state":[66],"property_city":[170],"property_area":[95,119],"class_list":["post-5325","property","type-property","status-publish","has-post-thumbnail","hentry","property_type-villa-kaufen-mallorca","property_type-villa-mit-meerblick-kaufen-mallorca","property_status-zu-verkaufen","property_feature-aufzug","property_feature-fitnessraum","property_feature-fussbodenheizung","property_feature-garage","property_feature-garten","property_feature-gaskamin","property_feature-hausautomation","property_feature-infinity-pool","property_feature-klimaanlage","property_feature-markenkueche","property_feature-moebliert","property_feature-tiefgarage","property_feature-toplage","property_feature-trockner","property_feature-tv-raum","property_feature-vorhaenge","property_feature-waschmaschine","property_label-luxus","property_country-spanien","property_state-mallorca","property_city-port-dandratx-cala-llamp","property_area-suedwesten","property_area-westen"],"property_meta":{"_edit_lock":["1725536327:2"],"_thumbnail_id":["5378"],"_edit_last":["2"],"fave_property_price":["12800000"],"fave_property_size":["400"],"fave_property_land":["1038"],"fave_property_bedrooms":["6"],"fave_property_bathrooms":["7"],"fave_property_garage":["7"],"fave_property_id":["CVB-2015"],"fave_property_map":["1"],"fave_property_map_address":["Port d'Andratx, Andratx, Serra de Tramuntana, Illes Balears, 07157, Espa\u00f1a"],"fave_property_location":["39.534048045145,2.3881638050079,17"],"houzez_geolocation_lat":["39.534048045145"],"houzez_geolocation_long":["2.3881638050079"],"fave_property_map_street_view":["show"],"fave_featured":["0"],"houzez_featured_listing_date":[""],"fave_loggedintoview":["0"],"fave_agent_display_option":["agent_info"],"fave_agents":["158"],"fave_prop_homeslider":["no"],"fave_private_note":["Schanz und Kohne\r\nObjekt-ID - MS2485 "],"fave_energy_class":["C"],"fave_single_top_area":["global"],"fave_single_content_area":["global"],"additional_features":["a:7:{i:0;a:2:{s:29:\"fave_additional_feature_title\";s:11:\"Ausstattung\";s:29:\"fave_additional_feature_value\";s:15:\"H\u00f6chster Luxus\";}i:1;a:2:{s:29:\"fave_additional_feature_title\";s:8:\"Ausblick\";s:29:\"fave_additional_feature_value\";s:9:\"Meerblick\";}i:2;a:2:{s:29:\"fave_additional_feature_title\";s:6:\"K\u00fcche\";s:29:\"fave_additional_feature_value\";s:27:\"Nolte mit Gaggenau Ger\u00e4ten\";}i:3;a:2:{s:29:\"fave_additional_feature_title\";s:4:\"Pool\";s:29:\"fave_additional_feature_value\";s:32:\"Infinity Salzwasserpool (25 m\u00b2)\";}i:4;a:2:{s:29:\"fave_additional_feature_title\";s:21:\"Markenm\u00f6bel u.a. von\";s:29:\"fave_additional_feature_value\";s:23:\"Minotti, Eichholtz, ...\";}i:5;a:2:{s:29:\"fave_additional_feature_title\";s:7:\"Heizung\";s:29:\"fave_additional_feature_value\";s:16:\"Fussbodenheizung\";}i:6;a:2:{s:29:\"fave_additional_feature_title\";s:14:\"Besonderheiten\";s:29:\"fave_additional_feature_value\";s:61:\"Aufzug und Tiefgarage mit Drehscheibe f\u00fcr bis zu 7 Fahrzeuge\";}}"],"houzez_manual_expire":["0"],"_houzez_expiration_date_status":["saved"],"houzez_total_property_views":["840"],"houzez_views_by_date":["a:61:{s:10:\"03-03-2026\";i:7;s:10:\"03-04-2026\";i:3;s:10:\"03-05-2026\";i:6;s:10:\"03-06-2026\";i:5;s:10:\"03-07-2026\";i:3;s:10:\"03-08-2026\";i:5;s:10:\"03-09-2026\";i:3;s:10:\"03-10-2026\";i:8;s:10:\"03-11-2026\";i:8;s:10:\"03-12-2026\";i:12;s:10:\"03-13-2026\";i:2;s:10:\"03-14-2026\";i:9;s:10:\"03-15-2026\";i:10;s:10:\"03-16-2026\";i:3;s:10:\"03-17-2026\";i:6;s:10:\"03-18-2026\";i:3;s:10:\"03-19-2026\";i:2;s:10:\"03-20-2026\";i:10;s:10:\"03-21-2026\";i:7;s:10:\"03-22-2026\";i:9;s:10:\"03-23-2026\";i:2;s:10:\"03-24-2026\";i:6;s:10:\"03-25-2026\";i:8;s:10:\"03-26-2026\";i:8;s:10:\"03-27-2026\";i:2;s:10:\"03-28-2026\";i:5;s:10:\"03-29-2026\";i:3;s:10:\"03-30-2026\";i:10;s:10:\"03-31-2026\";i:5;s:10:\"04-02-2026\";i:4;s:10:\"04-03-2026\";i:1;s:10:\"04-04-2026\";i:1;s:10:\"04-05-2026\";i:1;s:10:\"04-06-2026\";i:5;s:10:\"04-07-2026\";i:6;s:10:\"04-08-2026\";i:1;s:10:\"04-09-2026\";i:5;s:10:\"04-10-2026\";i:1;s:10:\"04-11-2026\";i:1;s:10:\"04-12-2026\";i:5;s:10:\"04-13-2026\";i:3;s:10:\"04-14-2026\";i:5;s:10:\"04-15-2026\";i:3;s:10:\"04-16-2026\";i:5;s:10:\"04-17-2026\";i:4;s:10:\"04-18-2026\";i:2;s:10:\"04-19-2026\";i:4;s:10:\"04-20-2026\";i:5;s:10:\"04-21-2026\";i:3;s:10:\"04-22-2026\";i:6;s:10:\"04-23-2026\";i:27;s:10:\"04-24-2026\";i:4;s:10:\"04-25-2026\";i:5;s:10:\"04-26-2026\";i:9;s:10:\"04-27-2026\";i:5;s:10:\"04-28-2026\";i:11;s:10:\"04-29-2026\";i:8;s:10:\"04-30-2026\";i:2;s:10:\"05-01-2026\";i:7;s:10:\"05-02-2026\";i:8;s:10:\"05-03-2026\";i:4;}"],"houzez_recently_viewed":["2026-05-03 12:01:41"],"fave_video_url":["https:\/\/youtu.be\/F9xRgybFjf4"],"_trp_automatically_translated_slug_en_US":["luxury-villa-of-superlatives-in-cala-llamp-port-dandratx"],"_trp_automatically_translated_slug_es_ES":["villa-de-lujo-de-superlativos-en-cala-llamp-port-dandratx"],"_seopress_redirections_type":["301"],"_seopress_redirections_logged_status":["both"],"_seopress_video":["a:1:{i:0;a:8:{s:3:\"url\";s:0:\"\";s:5:\"title\";s:0:\"\";s:4:\"desc\";s:0:\"\";s:9:\"thumbnail\";s:0:\"\";s:8:\"duration\";s:0:\"\";s:6:\"rating\";s:0:\"\";s:10:\"view_count\";s:0:\"\";s:3:\"tag\";s:0:\"\";}}"],"_seopress_analysis_target_kw":[""],"fave_show_price_placeholder":["0"],"fave_property_images":["5378","5365","5384","5343","5386","5364","5351","5340","5385","5383","5381","5380","5348","5334","5335","5360","5332","5328","5333","5342","5331","5379","5377","5352","5337","5373","5372","5354","5353","5375","5374","5359","5371","5358","5369","5367","5366","5362","5355","5350","5349","5347","5345","5344","5341","5339","5338","5336","5326","5370","5376","5357","5330","5361","5327","5346","5356","5368","5382","5363"],"_uf_disable_surveys":[""],"om_disable_all_campaigns":[""],"_elementor_page_assets":["a:0:{}"]},"_links":{"self":[{"href":"https:\/\/claus-von-benz.com\/es\/wp-json\/wp\/v2\/properties\/5325","targetHints":{"allow":["GET"]}}],"collection":[{"href":"https:\/\/claus-von-benz.com\/es\/wp-json\/wp\/v2\/properties"}],"about":[{"href":"https:\/\/claus-von-benz.com\/es\/wp-json\/wp\/v2\/types\/property"}],"author":[{"embeddable":true,"href":"https:\/\/claus-von-benz.com\/es\/wp-json\/wp\/v2\/users\/2"}],"version-history":[{"count":1,"href":"https:\/\/claus-von-benz.com\/es\/wp-json\/wp\/v2\/properties\/5325\/revisions"}],"predecessor-version":[{"id":5387,"href":"https:\/\/claus-von-benz.com\/es\/wp-json\/wp\/v2\/properties\/5325\/revisions\/5387"}],"wp:featuredmedia":[{"embeddable":true,"href":"https:\/\/claus-von-benz.com\/es\/wp-json\/wp\/v2\/media\/5378"}],"wp:attachment":[{"href":"https:\/\/claus-von-benz.com\/es\/wp-json\/wp\/v2\/media?parent=5325"}],"wp:term":[{"taxonomy":"property_type","embeddable":true,"href":"https:\/\/claus-von-benz.com\/es\/wp-json\/wp\/v2\/property_type?post=5325"},{"taxonomy":"property_status","embeddable":true,"href":"https:\/\/claus-von-benz.com\/es\/wp-json\/wp\/v2\/property_status?post=5325"},{"taxonomy":"property_feature","embeddable":true,"href":"https:\/\/claus-von-benz.com\/es\/wp-json\/wp\/v2\/property_feature?post=5325"},{"taxonomy":"property_label","embeddable":true,"href":"https:\/\/claus-von-benz.com\/es\/wp-json\/wp\/v2\/property_label?post=5325"},{"taxonomy":"property_country","embeddable":true,"href":"https:\/\/claus-von-benz.com\/es\/wp-json\/wp\/v2\/property_country?post=5325"},{"taxonomy":"property_state","embeddable":true,"href":"https:\/\/claus-von-benz.com\/es\/wp-json\/wp\/v2\/property_state?post=5325"},{"taxonomy":"property_city","embeddable":true,"href":"https:\/\/claus-von-benz.com\/es\/wp-json\/wp\/v2\/property_city?post=5325"},{"taxonomy":"property_area","embeddable":true,"href":"https:\/\/claus-von-benz.com\/es\/wp-json\/wp\/v2\/property_area?post=5325"}],"curies":[{"name":"wp","href":"https:\/\/api.w.org\/{rel}","templated":true}]}}