{"id":4951,"date":"2023-12-12T10:11:25","date_gmt":"2023-12-12T10:11:25","guid":{"rendered":"https:\/\/claus-von-benz.com\/?post_type=property&#038;p=4951"},"modified":"2026-03-06T08:42:34","modified_gmt":"2026-03-06T08:42:34","slug":"moderna-finca-de-piedra-natural-en-santanyi-con-piscina-y-vistas-panoramicas","status":"houzez_sold","type":"property","link":"https:\/\/claus-von-benz.com\/es\/inmobiliaria-mallorca\/moderna-finca-de-piedra-natural-en-santanyi-con-piscina-y-vistas-panoramicas\/","title":{"rendered":"Moderna finca de piedra natural en Santanyi con piscina y vistas panor\u00e1micas"},"content":{"rendered":"<p><strong>Descripci\u00f3n de la<\/strong><br>La construcci\u00f3n de una hermosa casa de campo con piscina y casa de la piscina est\u00e1 prevista en una parcela de unos 17.130 m\u00b2 cerca de Santany\u00ed. La superficie habitable y utilizable ser\u00e1 de unos 420 m\u00b2 en dos niveles.\u00a0<br><br>En la planta baja, la propiedad cuenta con un amplio y luminoso sal\u00f3n-comedor, una gran cocina, un lavadero y un dormitorio con ba\u00f1o en suite. La planta superior ofrece tres dormitorios m\u00e1s, cada uno con su propio cuarto de ba\u00f1o. Uno de los dormitorios tiene acceso a una terraza privada. Una piscina de 12 x 4 metros y una casita de piscina completan perfectamente la propiedad.\u00a0<\/p>\n\n\n\n<p><em>Para su informaci\u00f3n:<\/em>\u00a0En mayo de 2020, el gobierno de la isla de Mallorca impuso restricciones al desarrollo de parcelas rurales para nuevas solicitudes de construcci\u00f3n. Seg\u00fan la nueva legislaci\u00f3n, una vivienda unifamiliar solo podr\u00e1 tener un volumen m\u00e1ximo de 900 m3 (antes 1.500 m3) y la piscina solo podr\u00e1 tener una superficie de agua de 35 m\u00b2. Adem\u00e1s, la superficie edificable permitida se reduce a un m\u00e1ximo de 1,5 % (antes entre 2 % y 3 %) de la superficie total de la parcela y la superficie construida con elementos estructurales s\u00f3lo podr\u00e1 ser de un m\u00e1ximo de 2 % (antes entre 3 % y 4 %).<br>El proyecto de construcci\u00f3n se present\u00f3 y aprob\u00f3 con arreglo a la antigua legislaci\u00f3n, lo que significa que a\u00fan pueden realizarse los antiguos vol\u00famenes y metros cuadrados. La construcci\u00f3n ya ha comenzado. Finalizaci\u00f3n: primavera de 2024.<\/p>\n\n\n\n<p><em>Algunas de las fotos muestran un proyecto similar ya realizado.<br>Si desea m\u00e1s informaci\u00f3n, solic\u00edtela.<\/em>\u00a0<\/p>\n\n\n\n<p><strong>Descripci\u00f3n de la ubicaci\u00f3n<\/strong><br>La finca est\u00e1 situada en un entorno tranquilo y rural, pero se encuentra en las inmediaciones de Santany\u00ed. El pueblo es conocido por sus coloridos d\u00edas de mercado y ofrece una gran selecci\u00f3n de restaurantes, bares y amplias tiendas.\u00a0<br>En pocos minutos en coche se llega a una gran variedad de calas y playas, as\u00ed como al exclusivo puerto deportivo de Cala d'Or o al excelente campo de golf de Vall d'Or. A s\u00f3lo unos 30 minutos en coche del aeropuerto internacional, aqu\u00ed encontrar\u00e1 la Mallorca original.<\/p>\n\n\n\n<p><strong>PROPIEDADES<\/strong><br>Inmueble 17.130 m\u00b2<br>Superficie habitable 420 m\u00b2<br>4 habitaciones<br>4 ba\u00f1os<br>Piscina 48 m\u00b2 (12 x 4 metros)<br>y mucho m\u00e1s.<\/p>","protected":false},"excerpt":{"rendered":"<p>Descripci\u00f3nLa construcci\u00f3n de una hermosa casa de campo con piscina y casa de la piscina est\u00e1 prevista en una parcela de unos 17.130 m\u00b2 cerca de Santany\u00ed. La superficie habitable y \u00fatil ser\u00e1 de unos 420 m\u00b2 en dos niveles.  En la planta baja, la propiedad tiene un amplio y luminoso sal\u00f3n-comedor, una gran cocina, un lavadero y un dormitorio con [...]<\/p>","protected":false},"author":2,"featured_media":4952,"parent":0,"menu_order":0,"template":"","property_type":[139],"property_status":[],"property_feature":[],"property_label":[148],"property_country":[65],"property_state":[66],"property_city":[160],"property_area":[115],"class_list":["post-4951","property","type-property","status-houzez_sold","has-post-thumbnail","hentry","property_type-finca-kaufen-mallorca","property_label-verkauft","property_country-spanien","property_state-mallorca","property_city-santanyi","property_area-sueden"],"property_meta":{"_cdp_origin":["4941","4894"],"_cdp_origin_site":["-1"],"_cdp_origin_title":[" IM BAU - Topmoderne Landfinca bei Campos #[Counter]"],"_cdp_counter":["2"],"_thumbnail_id":["4952"],"_edit_lock":["1772786575:9"],"houzez_total_property_views":["534"],"houzez_views_by_date":["a:61:{s:10:\"02-21-2026\";i:3;s:10:\"02-23-2026\";i:6;s:10:\"02-24-2026\";i:2;s:10:\"02-25-2026\";i:1;s:10:\"02-26-2026\";i:5;s:10:\"02-27-2026\";i:5;s:10:\"02-28-2026\";i:5;s:10:\"03-01-2026\";i:3;s:10:\"03-02-2026\";i:11;s:10:\"03-03-2026\";i:9;s:10:\"03-04-2026\";i:4;s:10:\"03-05-2026\";i:4;s:10:\"03-06-2026\";i:8;s:10:\"03-07-2026\";i:2;s:10:\"03-08-2026\";i:2;s:10:\"03-10-2026\";i:10;s:10:\"03-11-2026\";i:4;s:10:\"03-12-2026\";i:7;s:10:\"03-13-2026\";i:5;s:10:\"03-14-2026\";i:5;s:10:\"03-15-2026\";i:3;s:10:\"03-16-2026\";i:2;s:10:\"03-17-2026\";i:8;s:10:\"03-18-2026\";i:5;s:10:\"03-19-2026\";i:6;s:10:\"03-20-2026\";i:2;s:10:\"03-21-2026\";i:7;s:10:\"03-22-2026\";i:1;s:10:\"03-23-2026\";i:5;s:10:\"03-24-2026\";i:4;s:10:\"03-25-2026\";i:8;s:10:\"03-26-2026\";i:6;s:10:\"03-27-2026\";i:3;s:10:\"03-28-2026\";i:9;s:10:\"03-29-2026\";i:1;s:10:\"03-31-2026\";i:4;s:10:\"04-01-2026\";i:3;s:10:\"04-02-2026\";i:4;s:10:\"04-03-2026\";i:3;s:10:\"04-04-2026\";i:1;s:10:\"04-05-2026\";i:1;s:10:\"04-06-2026\";i:3;s:10:\"04-09-2026\";i:3;s:10:\"04-10-2026\";i:3;s:10:\"04-11-2026\";i:1;s:10:\"04-12-2026\";i:3;s:10:\"04-13-2026\";i:4;s:10:\"04-14-2026\";i:5;s:10:\"04-15-2026\";i:1;s:10:\"04-16-2026\";i:2;s:10:\"04-17-2026\";i:2;s:10:\"04-18-2026\";i:2;s:10:\"04-19-2026\";i:5;s:10:\"04-20-2026\";i:3;s:10:\"04-21-2026\";i:1;s:10:\"04-22-2026\";i:1;s:10:\"04-23-2026\";i:4;s:10:\"04-24-2026\";i:5;s:10:\"04-25-2026\";i:4;s:10:\"04-26-2026\";i:5;s:10:\"04-27-2026\";i:6;}"],"houzez_recently_viewed":["2026-04-27 15:26:38"],"_edit_last":["9"],"fave_property_price":["2400000"],"fave_property_size":["420"],"fave_property_land":["17.130"],"fave_property_bedrooms":["4"],"fave_property_bathrooms":["4"],"fave_property_id":["CVB-2006"],"fave_property_map":["1"],"fave_property_map_address":["Santanyi"],"fave_property_location":["39.356334334688,3.1290435791016,12"],"houzez_geolocation_lat":["39.356334334688"],"houzez_geolocation_long":["3.1290435791016"],"fave_property_map_street_view":["show"],"fave_featured":["0"],"houzez_featured_listing_date":[""],"fave_loggedintoview":["0"],"fave_agent_display_option":["agent_info"],"fave_agents":["158"],"fave_prop_homeslider":["no"],"fave_single_top_area":["global"],"fave_single_content_area":["global"],"additional_features":["a:2:{i:0;a:2:{s:29:\"fave_additional_feature_title\";s:13:\"Lage\/Ausblick\";s:29:\"fave_additional_feature_value\";s:10:\"Im Gr\u00fcnen\";}i:1;a:2:{s:29:\"fave_additional_feature_title\";s:11:\"Ausrichtung\";s:29:\"fave_additional_feature_value\";s:4:\"S\u00fcd\";}}"],"_seopress_redirections_type":["301"],"_seopress_redirections_logged_status":["both"],"_seopress_analysis_target_kw":[""],"houzez_manual_expire":["0"],"_houzez_expiration_date_status":["saved"],"fave_property_year":["2024"],"fave_private_note":["Koop Partner Montemar Immobilien\r\nhttps:\/\/www.montemar-immobilien.de\/finca-grundstueck-mit-eingereichtem-projekt-zwischen-es-llombards-und-ses-salines-de-970-a.html\r\nAM-F2312040216-1890"],"_trp_automatically_translated_slug_es_ES":["moderna-finca-de-piedra-natural-en-santanyi-con-piscina-y-vistas-panoramicas"],"_trp_automatically_translated_slug_en_US":["modern-natural-stone-finca-in-santanyi-with-pool-and-panoramic-views"],"_seopress_video":["a:1:{i:0;a:8:{s:3:\"url\";s:0:\"\";s:5:\"title\";s:0:\"\";s:4:\"desc\";s:0:\"\";s:9:\"thumbnail\";s:0:\"\";s:8:\"duration\";s:0:\"\";s:6:\"rating\";s:0:\"\";s:10:\"view_count\";s:0:\"\";s:3:\"tag\";s:0:\"\";}}"],"fave_show_price_placeholder":["0"],"_uf_disable_surveys":[""],"om_disable_all_campaigns":[""],"_elementor_page_assets":["a:0:{}"],"fave_property_images":["4952","4953","4954","4955","4956","4957","4958"]},"_links":{"self":[{"href":"https:\/\/claus-von-benz.com\/es\/wp-json\/wp\/v2\/properties\/4951","targetHints":{"allow":["GET"]}}],"collection":[{"href":"https:\/\/claus-von-benz.com\/es\/wp-json\/wp\/v2\/properties"}],"about":[{"href":"https:\/\/claus-von-benz.com\/es\/wp-json\/wp\/v2\/types\/property"}],"author":[{"embeddable":true,"href":"https:\/\/claus-von-benz.com\/es\/wp-json\/wp\/v2\/users\/2"}],"version-history":[{"count":2,"href":"https:\/\/claus-von-benz.com\/es\/wp-json\/wp\/v2\/properties\/4951\/revisions"}],"predecessor-version":[{"id":11815,"href":"https:\/\/claus-von-benz.com\/es\/wp-json\/wp\/v2\/properties\/4951\/revisions\/11815"}],"wp:featuredmedia":[{"embeddable":true,"href":"https:\/\/claus-von-benz.com\/es\/wp-json\/wp\/v2\/media\/4952"}],"wp:attachment":[{"href":"https:\/\/claus-von-benz.com\/es\/wp-json\/wp\/v2\/media?parent=4951"}],"wp:term":[{"taxonomy":"property_type","embeddable":true,"href":"https:\/\/claus-von-benz.com\/es\/wp-json\/wp\/v2\/property_type?post=4951"},{"taxonomy":"property_status","embeddable":true,"href":"https:\/\/claus-von-benz.com\/es\/wp-json\/wp\/v2\/property_status?post=4951"},{"taxonomy":"property_feature","embeddable":true,"href":"https:\/\/claus-von-benz.com\/es\/wp-json\/wp\/v2\/property_feature?post=4951"},{"taxonomy":"property_label","embeddable":true,"href":"https:\/\/claus-von-benz.com\/es\/wp-json\/wp\/v2\/property_label?post=4951"},{"taxonomy":"property_country","embeddable":true,"href":"https:\/\/claus-von-benz.com\/es\/wp-json\/wp\/v2\/property_country?post=4951"},{"taxonomy":"property_state","embeddable":true,"href":"https:\/\/claus-von-benz.com\/es\/wp-json\/wp\/v2\/property_state?post=4951"},{"taxonomy":"property_city","embeddable":true,"href":"https:\/\/claus-von-benz.com\/es\/wp-json\/wp\/v2\/property_city?post=4951"},{"taxonomy":"property_area","embeddable":true,"href":"https:\/\/claus-von-benz.com\/es\/wp-json\/wp\/v2\/property_area?post=4951"}],"curies":[{"name":"wp","href":"https:\/\/api.w.org\/{rel}","templated":true}]}}