{"id":4280,"date":"2023-11-05T12:37:32","date_gmt":"2023-11-05T12:37:32","guid":{"rendered":"https:\/\/clausvonbenz-03919201.wptestserver.de\/?page_id=4280"},"modified":"2023-11-06T19:13:20","modified_gmt":"2023-11-06T19:13:20","slug":"los-campos-de-golf-mas-bonitos-de-mallorca","status":"publish","type":"page","link":"https:\/\/claus-von-benz.com\/es\/mallorca-insights\/los-campos-de-golf-mas-bonitos-de-mallorca\/","title":{"rendered":"Los campos de golf m\u00e1s bonitos de Mallorca"},"content":{"rendered":"<div data-elementor-type=\"wp-post\" data-elementor-id=\"4280\" class=\"elementor elementor-4280\" data-elementor-post-type=\"page\">\n\t\t\t\t\t\t<section class=\"elementor-section elementor-top-section elementor-element elementor-element-ff26425 elementor-section-boxed elementor-section-height-default elementor-section-height-default\" data-id=\"ff26425\" data-element_type=\"section\">\n\t\t\t\t\t\t<div class=\"elementor-container elementor-column-gap-default\">\n\t\t\t\t\t<div class=\"elementor-column elementor-col-100 elementor-top-column elementor-element elementor-element-7f5ddf5\" data-id=\"7f5ddf5\" data-element_type=\"column\">\n\t\t\t<div class=\"elementor-widget-wrap elementor-element-populated\">\n\t\t\t\t\t\t<div class=\"elementor-element elementor-element-735a5de elementor-widget elementor-widget-spacer\" data-id=\"735a5de\" data-element_type=\"widget\" data-widget_type=\"spacer.default\">\n\t\t\t\t<div class=\"elementor-widget-container\">\n\t\t\t\t\t\t\t<div class=\"elementor-spacer\">\n\t\t\t<div class=\"elementor-spacer-inner\"><\/div>\n\t\t<\/div>\n\t\t\t\t\t\t<\/div>\n\t\t\t\t<\/div>\n\t\t\t\t<div class=\"elementor-element elementor-element-7879b5f elementor-widget elementor-widget-text-editor\" data-id=\"7879b5f\" data-element_type=\"widget\" data-widget_type=\"text-editor.default\">\n\t\t\t\t<div class=\"elementor-widget-container\">\n\t\t\t\t\t\t\t\t\t<p><a href=\"https:\/\/claus-von-benz.com\/es\/mallorca-insights\/\">&gt; Volver a Mallorca Insights<\/a><\/p>\t\t\t\t\t\t\t\t<\/div>\n\t\t\t\t<\/div>\n\t\t\t\t<div class=\"elementor-element elementor-element-349a026 elementor-widget elementor-widget-heading\" data-id=\"349a026\" data-element_type=\"widget\" data-widget_type=\"heading.default\">\n\t\t\t\t<div class=\"elementor-widget-container\">\n\t\t\t\t\t<h2 class=\"elementor-heading-title elementor-size-default\">Los campos de golf m\u00e1s bonitos de Mallorca<\/h2>\t\t\t\t<\/div>\n\t\t\t\t<\/div>\n\t\t\t\t<div class=\"elementor-element elementor-element-a9aecd3 elementor-widget elementor-widget-heading\" data-id=\"a9aecd3\" data-element_type=\"widget\" data-widget_type=\"heading.default\">\n\t\t\t\t<div class=\"elementor-widget-container\">\n\t\t\t\t\t<h5 class=\"elementor-heading-title elementor-size-default\">Un para\u00edso para los amantes del golf<\/h5>\t\t\t\t<\/div>\n\t\t\t\t<\/div>\n\t\t\t\t<div class=\"elementor-element elementor-element-09fa90c elementor-widget elementor-widget-spacer\" data-id=\"09fa90c\" data-element_type=\"widget\" data-widget_type=\"spacer.default\">\n\t\t\t\t<div class=\"elementor-widget-container\">\n\t\t\t\t\t\t\t<div class=\"elementor-spacer\">\n\t\t\t<div class=\"elementor-spacer-inner\"><\/div>\n\t\t<\/div>\n\t\t\t\t\t\t<\/div>\n\t\t\t\t<\/div>\n\t\t\t\t<div class=\"elementor-element elementor-element-6efba26 elementor-widget elementor-widget-text-editor\" data-id=\"6efba26\" data-element_type=\"widget\" data-widget_type=\"text-editor.default\">\n\t\t\t\t<div class=\"elementor-widget-container\">\n\t\t\t\t\t\t\t\t\t<p data-wp-editing=\"1\">Mallorca, a menudo conocida como la \"Perla del Mediterr\u00e1neo\", no es s\u00f3lo un para\u00edso para los amantes de la playa y los marineros, sino tambi\u00e9n para los golfistas. Con una impresionante selecci\u00f3n de campos de golf de primera clase, que abarcan desde pintorescos paisajes de monta\u00f1a hasta impresionantes costas, la isla ofrece condiciones ideales para golfistas de todos los niveles. Aqu\u00ed tiene diez de los campos de golf m\u00e1s bonitos de Mallorca que no deber\u00eda perderse:<\/p>\t\t\t\t\t\t\t\t<\/div>\n\t\t\t\t<\/div>\n\t\t\t\t\t<\/div>\n\t\t<\/div>\n\t\t\t\t\t<\/div>\n\t\t<\/section>\n\t\t\t\t<section class=\"elementor-section elementor-top-section elementor-element elementor-element-abf8b23 elementor-section-boxed elementor-section-height-default elementor-section-height-default\" data-id=\"abf8b23\" data-element_type=\"section\">\n\t\t\t\t\t\t<div class=\"elementor-container elementor-column-gap-default\">\n\t\t\t\t\t<div class=\"elementor-column elementor-col-100 elementor-top-column elementor-element elementor-element-62931cf\" data-id=\"62931cf\" data-element_type=\"column\">\n\t\t\t<div class=\"elementor-widget-wrap elementor-element-populated\">\n\t\t\t\t\t\t<div class=\"elementor-element elementor-element-0057bfa elementor-widget elementor-widget-image\" data-id=\"0057bfa\" data-element_type=\"widget\" data-widget_type=\"image.default\">\n\t\t\t\t<div class=\"elementor-widget-container\">\n\t\t\t\t\t\t\t\t\t\t\t\t\t\t\t<img fetchpriority=\"high\" decoding=\"async\" width=\"1440\" height=\"500\" src=\"https:\/\/claus-von-benz.com\/wp-content\/uploads\/2023\/11\/mallorca_insights_golfplaetze.jpg\" class=\"attachment-full size-full wp-image-4282\" alt=\"mallorca insights golfplaetze Inmobiliaria Mallorca - Propiedades de lujo, fincas y pisos de lujo en venta en Mallorca - Claus von Benz Real Estate Mallorca\" srcset=\"https:\/\/claus-von-benz.com\/wp-content\/uploads\/2023\/11\/mallorca_insights_golfplaetze.jpg 1440w, https:\/\/claus-von-benz.com\/wp-content\/uploads\/2023\/11\/mallorca_insights_golfplaetze-300x104.jpg 300w, https:\/\/claus-von-benz.com\/wp-content\/uploads\/2023\/11\/mallorca_insights_golfplaetze-1024x356.jpg 1024w, https:\/\/claus-von-benz.com\/wp-content\/uploads\/2023\/11\/mallorca_insights_golfplaetze-768x267.jpg 768w, https:\/\/claus-von-benz.com\/wp-content\/uploads\/2023\/11\/mallorca_insights_golfplaetze-496x172.jpg 496w\" sizes=\"(max-width: 1440px) 100vw, 1440px\" \/>\t\t\t\t\t\t\t\t\t\t\t\t\t\t\t<\/div>\n\t\t\t\t<\/div>\n\t\t\t\t<div class=\"elementor-element elementor-element-2bce3fb elementor-widget elementor-widget-houzez_elementor_space\" data-id=\"2bce3fb\" data-element_type=\"widget\" data-widget_type=\"houzez_elementor_space.default\">\n\t\t\t\t<div class=\"elementor-widget-container\">\n\t\t\t\t\t        <div class=\"houzez-spacer\">\n            <div class=\"houzez-spacer-inner\"><\/div>\n        <\/div>\n        \t\t\t\t<\/div>\n\t\t\t\t<\/div>\n\t\t\t\t\t<\/div>\n\t\t<\/div>\n\t\t\t\t\t<\/div>\n\t\t<\/section>\n\t\t\t\t<section class=\"elementor-section elementor-top-section elementor-element elementor-element-114c44e elementor-section-boxed elementor-section-height-default elementor-section-height-default\" data-id=\"114c44e\" data-element_type=\"section\">\n\t\t\t\t\t\t<div class=\"elementor-container elementor-column-gap-default\">\n\t\t\t\t\t<div class=\"elementor-column elementor-col-100 elementor-top-column elementor-element elementor-element-8754a06\" data-id=\"8754a06\" data-element_type=\"column\">\n\t\t\t<div class=\"elementor-widget-wrap elementor-element-populated\">\n\t\t\t\t\t\t<section class=\"elementor-section elementor-inner-section elementor-element elementor-element-4674ee3 elementor-section-boxed elementor-section-height-default elementor-section-height-default\" data-id=\"4674ee3\" data-element_type=\"section\">\n\t\t\t\t\t\t<div class=\"elementor-container elementor-column-gap-default\">\n\t\t\t\t\t<div class=\"elementor-column elementor-col-50 elementor-inner-column elementor-element elementor-element-3049761\" data-id=\"3049761\" data-element_type=\"column\">\n\t\t\t<div class=\"elementor-widget-wrap elementor-element-populated\">\n\t\t\t\t\t\t<div class=\"elementor-element elementor-element-62ad83e elementor-widget elementor-widget-text-editor\" data-id=\"62ad83e\" data-element_type=\"widget\" data-widget_type=\"text-editor.default\">\n\t\t\t\t<div class=\"elementor-widget-container\">\n\t\t\t\t\t\t\t\t\t<p><strong>1er Golf Son Vida<\/strong><br \/>Enclavado en las colinas de Palma, Golf Son Vida es el campo de golf m\u00e1s antiguo de la isla y ofrece unas vistas espectaculares de la bah\u00eda de Palma.<\/p><p><strong>2\u00ba Club de Golf Alcanada<\/strong><br \/>Situado directamente junto al mar, este lugar ofrece impresionantes vistas de la bah\u00eda de Alc\u00fadia y del faro de Alcanada.<\/p><p><strong>3\u00ba Golf de Andratx<\/strong><br \/>Situado en el pintoresco entorno de Camp de Mar, este campo ofrece un recorrido desafiante con vistas espectaculares.<\/p><p><strong>4\u00ba Pula Golf Resort<\/strong><br \/>Situado en el noreste de la isla, este campo es conocido por sus desafiantes calles y el evento anual del Tour Europeo.<\/p><p><strong>5\u00ba Golf Santa Ponsa<\/strong><br \/>Con tres campos repartidos por un extenso paisaje, Santa Ponsa ofrece una variedad de retos para golfistas de todos los niveles.<\/p><p><strong>6\u00ba Golf Park Puntir\u00f3<\/strong><br \/>Dise\u00f1ado por Jack Nicklaus, este campo ofrece una mezcla de hoyos t\u00e9cnicos y vistas espectaculares.<\/p><p><strong>7\u00ba Son Muntaner Golf<\/strong><br \/>Este campo, que forma parte del Arabella Golf Resort, es conocido por sus inmaculadas calles y desafiantes greens.<\/p><p><strong>8\u00ba Golf Son Gual<\/strong><br \/>A menudo descrito como el mejor campo de golf de Mallorca, Son Gual ofrece una mezcla perfecta de desaf\u00edo y belleza.<\/p><p><strong>9\u00ba Vall d'Or Golf<\/strong><br \/>Con vistas a la bah\u00eda de Portocolom, este campo ofrece un recorrido variado con una combinaci\u00f3n de vistas a la monta\u00f1a y al mar.<\/p><p><strong>10\u00ba Capdepera Golf<\/strong><br \/>Enclavado en un valle del noreste de la isla, este tranquilo campo ofrece un relajante recorrido rodeado de naturaleza.<\/p>\t\t\t\t\t\t\t\t<\/div>\n\t\t\t\t<\/div>\n\t\t\t\t\t<\/div>\n\t\t<\/div>\n\t\t\t\t<div class=\"elementor-column elementor-col-50 elementor-inner-column elementor-element elementor-element-7c0bcd8\" data-id=\"7c0bcd8\" data-element_type=\"column\">\n\t\t\t<div class=\"elementor-widget-wrap elementor-element-populated\">\n\t\t\t\t\t\t<div class=\"elementor-element elementor-element-a79a77d elementor-widget elementor-widget-text-editor\" data-id=\"a79a77d\" data-element_type=\"widget\" data-widget_type=\"text-editor.default\">\n\t\t\t\t<div class=\"elementor-widget-container\">\n\t\t\t\t\t\t\t\t\t<p><strong>11\u00ba Golf Maioris<\/strong><br \/>Situado cerca de Llucmajor, este campo ofrece una combinaci\u00f3n de pinares y lagos naturales que garantizan un recorrido pintoresco y desafiante.<\/p><p><strong>12\u00ba Son Quint Golf<\/strong><br \/>Otra joya del Arabella Golf Resort, Son Quint es conocido por sus calles abiertas y sus amplios greens que permiten un juego r\u00e1pido.<\/p><p><strong>13\u00ba Son Antem Golf Resort<\/strong><br \/>Con dos campos de 18 hoyos, Este y Oeste, este complejo ofrece una gran variedad de retos en medio de un paisaje mediterr\u00e1neo.<\/p><p><strong>14\u00ba Real Golf de Bendinat<\/strong><br \/>Compacto y accidentado, este campo ofrece un recorrido r\u00e1pido con impresionantes vistas del mar y las monta\u00f1as circundantes.<\/p><p><strong>15\u00ba Golf de Poniente<\/strong><br \/>A s\u00f3lo unos minutos de Magaluf, este campo ofrece un recorrido variado con muchos obst\u00e1culos de agua.<\/p><p><strong>16\u00ba Golf Canyamel<\/strong><br \/>Con cuevas naturales y una antigua casa de piedra justo en el campo, Canyamel ofrece una experiencia de golf \u00fanica.<\/p><p><strong>17\u00ba Golf Pollensa<\/strong><br \/>Con vistas a la Serra de Tramuntana y a la bah\u00eda de Pollen\u00e7a, este campo de 9 hoyos ofrece un recorrido r\u00e1pido y entretenido.<\/p><p><strong>18\u00ba Golf Alcanada<\/strong><br \/>Situado directamente junto al mar, este campo ofrece unas vistas impresionantes y es especialmente popular entre los golfistas experimentados.<\/p><p><strong>19\u00ba Golf Son Termens<\/strong><br \/>Un poco alejado de los caminos trillados, este campo monta\u00f1oso ofrece un desaf\u00edo en medio de un paisaje virgen.<\/p><p><strong>20\u00ba Golf de T Golf &amp; Country Club<\/strong><br \/>Este campo, uno de los m\u00e1s antiguos de Mallorca, ofrece calles anchas y est\u00e1 rodeado de una gran variedad de \u00e1rboles y plantas aut\u00f3ctonos.<\/p>\t\t\t\t\t\t\t\t<\/div>\n\t\t\t\t<\/div>\n\t\t\t\t\t<\/div>\n\t\t<\/div>\n\t\t\t\t\t<\/div>\n\t\t<\/section>\n\t\t\t\t\t<\/div>\n\t\t<\/div>\n\t\t\t\t\t<\/div>\n\t\t<\/section>\n\t\t\t\t<section class=\"elementor-section elementor-top-section elementor-element elementor-element-abca353 elementor-section-boxed elementor-section-height-default elementor-section-height-default\" data-id=\"abca353\" data-element_type=\"section\">\n\t\t\t\t\t\t<div class=\"elementor-container elementor-column-gap-default\">\n\t\t\t\t\t<div class=\"elementor-column elementor-col-100 elementor-top-column elementor-element elementor-element-cbccaac\" data-id=\"cbccaac\" data-element_type=\"column\">\n\t\t\t<div class=\"elementor-widget-wrap elementor-element-populated\">\n\t\t\t\t\t\t<div class=\"elementor-element elementor-element-ff5b22e elementor-widget elementor-widget-text-editor\" data-id=\"ff5b22e\" data-element_type=\"widget\" data-widget_type=\"text-editor.default\">\n\t\t\t\t<div class=\"elementor-widget-container\">\n\t\t\t\t\t\t\t\t\t<p data-wp-editing=\"1\"><b>Conclusi\u00f3n<br \/><\/b>Los campos de golf de Mallorca son tan variados como el propio paisaje de la isla. Desde campos costeros a paisajes de monta\u00f1a, desde dise\u00f1os modernos a trazados tradicionales, la isla ofrece una experiencia de golf para todos los gustos. Con un total de 20 campos de primera clase, Mallorca tiene sin duda una de las mejores ofertas de golf del Mediterr\u00e1neo.<\/p>\t\t\t\t\t\t\t\t<\/div>\n\t\t\t\t<\/div>\n\t\t\t\t\t<\/div>\n\t\t<\/div>\n\t\t\t\t\t<\/div>\n\t\t<\/section>\n\t\t\t\t<section class=\"elementor-section elementor-top-section elementor-element elementor-element-4aaabb8a elementor-section-boxed elementor-section-height-default elementor-section-height-default\" data-id=\"4aaabb8a\" data-element_type=\"section\">\n\t\t\t\t\t\t<div class=\"elementor-container elementor-column-gap-default\">\n\t\t\t\t\t<div class=\"elementor-column elementor-col-100 elementor-top-column elementor-element elementor-element-3f6d0714\" data-id=\"3f6d0714\" data-element_type=\"column\">\n\t\t\t<div class=\"elementor-widget-wrap elementor-element-populated\">\n\t\t\t\t\t\t<div class=\"elementor-element elementor-element-74e6e1cc elementor-widget elementor-widget-houzez_elementor_space\" data-id=\"74e6e1cc\" data-element_type=\"widget\" data-widget_type=\"houzez_elementor_space.default\">\n\t\t\t\t<div class=\"elementor-widget-container\">\n\t\t\t\t\t        <div class=\"houzez-spacer\">\n            <div class=\"houzez-spacer-inner\"><\/div>\n        <\/div>\n        \t\t\t\t<\/div>\n\t\t\t\t<\/div>\n\t\t\t\t<div class=\"elementor-element elementor-element-7ca8b8e4 elementor-widget elementor-widget-heading\" data-id=\"7ca8b8e4\" data-element_type=\"widget\" data-widget_type=\"heading.default\">\n\t\t\t\t<div class=\"elementor-widget-container\">\n\t\t\t\t\t<h2 class=\"elementor-heading-title elementor-size-large\">Mallorca Property &amp; Lifestyle Blog<\/h2>\t\t\t\t<\/div>\n\t\t\t\t<\/div>\n\t\t\t\t<div class=\"elementor-element elementor-element-6e909d31 elementor-widget elementor-widget-heading\" data-id=\"6e909d31\" data-element_type=\"widget\" data-widget_type=\"heading.default\">\n\t\t\t\t<div class=\"elementor-widget-container\">\n\t\t\t\t\t<p class=\"elementor-heading-title elementor-size-medium\">Noticias sobre la vida en Mallorca<\/p>\t\t\t\t<\/div>\n\t\t\t\t<\/div>\n\t\t\t\t<div class=\"elementor-element elementor-element-5758d403 elementor-widget elementor-widget-houzez_elementor_space\" data-id=\"5758d403\" data-element_type=\"widget\" data-widget_type=\"houzez_elementor_space.default\">\n\t\t\t\t<div class=\"elementor-widget-container\">\n\t\t\t\t\t        <div class=\"houzez-spacer\">\n            <div class=\"houzez-spacer-inner\"><\/div>\n        <\/div>\n        \t\t\t\t<\/div>\n\t\t\t\t<\/div>\n\t\t\t\t<div class=\"elementor-element elementor-element-1b71c2ca elementor-widget elementor-widget-houzez_elementor_blog_posts\" data-id=\"1b71c2ca\" data-element_type=\"widget\" data-widget_type=\"houzez_elementor_blog_posts.default\">\n\t\t\t\t<div class=\"elementor-widget-container\">\n\t\t\t\t\t\n        <div class=\"blog-posts-module blog-posts-module-v1\">\n            <div class=\"row row-cols-1 row-cols-md-2 row-cols-lg-3 g-3\">\n                <div class=\"blog-post-item-wrap\">\n\t<div id=\"post-10067\" class=\"blog-post-item blog-post-item-v1 mb-3 post-10067 post type-post status-publish format-standard has-post-thumbnail hentry category-immobilie-kaufen category-mallorca tag-finca tag-mallorca tag-real-estate tag-villa\">\n\t\t\n\t\t\t\t<div class=\"blog-post-thumb\">\n\t\t\t<a href=\"https:\/\/claus-von-benz.com\/es\/procedimiento-acelerado-de-okupacion-lo-que-deben-saber-los-propietarios-de-inmuebles-en-mallorca\/\" class=\"hover-effect image-wrap\">\n\t\t\t\t<img decoding=\"async\" width=\"1440\" height=\"900\" src=\"https:\/\/claus-von-benz.com\/wp-content\/uploads\/2024\/11\/mallorca-blog_schnellverfahren-hausbesetzungen-min.jpg\" class=\"img-fluid wp-post-image\" alt=\"mallorca blog fast-track squatting min\" srcset=\"https:\/\/claus-von-benz.com\/wp-content\/uploads\/2024\/11\/mallorca-blog_schnellverfahren-hausbesetzungen-min.jpg 1440w, https:\/\/claus-von-benz.com\/wp-content\/uploads\/2024\/11\/mallorca-blog_schnellverfahren-hausbesetzungen-min-300x188.jpg 300w, https:\/\/claus-von-benz.com\/wp-content\/uploads\/2024\/11\/mallorca-blog_schnellverfahren-hausbesetzungen-min-1024x640.jpg 1024w, https:\/\/claus-von-benz.com\/wp-content\/uploads\/2024\/11\/mallorca-blog_schnellverfahren-hausbesetzungen-min-768x480.jpg 768w, https:\/\/claus-von-benz.com\/wp-content\/uploads\/2024\/11\/mallorca-blog_schnellverfahren-hausbesetzungen-min-18x12.jpg 18w, https:\/\/claus-von-benz.com\/wp-content\/uploads\/2024\/11\/mallorca-blog_schnellverfahren-hausbesetzungen-min-960x600.jpg 960w, https:\/\/claus-von-benz.com\/wp-content\/uploads\/2024\/11\/mallorca-blog_schnellverfahren-hausbesetzungen-min-496x310.jpg 496w\" sizes=\"(max-width: 1440px) 100vw, 1440px\" \/>\t\t\t<\/a>\n\t\t<\/div><!-- blog-post-thumb -->\n\t\t\n\t\t<div class=\"blog-post-content-wrap\">\n\t\t\t<div class=\"blog-post-meta small\">\n\t\t\t\t<ul class=\"list-inline d-flex align-items-center mb-1\">\n\t\t\t\t\t\n\t\t\t\t\t\n\t\t\t\t<\/ul>\n\t\t\t<\/div><!-- blog-post-meta -->\n\t\t\t<div class=\"blog-post-title\">\n\t\t\t\t<h3 class=\"mb-1\"><a href=\"https:\/\/claus-von-benz.com\/es\/procedimiento-acelerado-de-okupacion-lo-que-deben-saber-los-propietarios-de-inmuebles-en-mallorca\/\">Procedimiento abreviado por okupaci\u00f3n - Lo que deben saber los propietarios en Mallorca<\/a><\/h3>\n\t\t\t<\/div><!-- blog-post-title -->\n\t\t\t<div class=\"blog-post-body mb-1\">\n\t\t\t\tEl 14 de noviembre de 2024, el Congreso espa\u00f1ol aprob\u00f3 una importante enmienda a la ley que...\t\t\t<\/div><!-- blog-post-body -->\n\t\t\t<div class=\"blog-post-link small\">\n\t\t\t\t<a href=\"https:\/\/claus-von-benz.com\/es\/procedimiento-acelerado-de-okupacion-lo-que-deben-saber-los-propietarios-de-inmuebles-en-mallorca\/\">Seguir leyendo<\/a>\n\t\t\t<\/div><!-- blog-post-link -->\n\t\t<\/div><!-- blog-post-content-wrap -->\n\t\t\t<\/div><!-- blog-post-item -->\n<\/div><!-- blog-post-item-wrap --><div class=\"blog-post-item-wrap\">\n\t<div id=\"post-9040\" class=\"blog-post-item blog-post-item-v1 mb-3 post-9040 post type-post status-publish format-standard has-post-thumbnail hentry category-bauen category-baugenehmigung category-construction category-mallorca tag-bauen tag-hausbau tag-mallorca\">\n\t\t\n\t\t\t\t<div class=\"blog-post-thumb\">\n\t\t\t<a href=\"https:\/\/claus-von-benz.com\/es\/la-amnistia-del-gobierno-insular-una-oportunidad-para-legalizar-la-propiedad-en-suelo-rustico\/\" class=\"hover-effect image-wrap\">\n\t\t\t\t<img decoding=\"async\" width=\"1440\" height=\"900\" src=\"https:\/\/claus-von-benz.com\/wp-content\/uploads\/2024\/10\/mallorca-blog_amnestie-legalisierung.jpg\" class=\"img-fluid wp-post-image\" alt=\"mallorca blog amnist\u00eda legalizaci\u00f3n\" srcset=\"https:\/\/claus-von-benz.com\/wp-content\/uploads\/2024\/10\/mallorca-blog_amnestie-legalisierung.jpg 1440w, https:\/\/claus-von-benz.com\/wp-content\/uploads\/2024\/10\/mallorca-blog_amnestie-legalisierung-300x188.jpg 300w, https:\/\/claus-von-benz.com\/wp-content\/uploads\/2024\/10\/mallorca-blog_amnestie-legalisierung-1024x640.jpg 1024w, https:\/\/claus-von-benz.com\/wp-content\/uploads\/2024\/10\/mallorca-blog_amnestie-legalisierung-768x480.jpg 768w, https:\/\/claus-von-benz.com\/wp-content\/uploads\/2024\/10\/mallorca-blog_amnestie-legalisierung-18x12.jpg 18w, https:\/\/claus-von-benz.com\/wp-content\/uploads\/2024\/10\/mallorca-blog_amnestie-legalisierung-960x600.jpg 960w, https:\/\/claus-von-benz.com\/wp-content\/uploads\/2024\/10\/mallorca-blog_amnestie-legalisierung-496x310.jpg 496w\" sizes=\"(max-width: 1440px) 100vw, 1440px\" \/>\t\t\t<\/a>\n\t\t<\/div><!-- blog-post-thumb -->\n\t\t\n\t\t<div class=\"blog-post-content-wrap\">\n\t\t\t<div class=\"blog-post-meta small\">\n\t\t\t\t<ul class=\"list-inline d-flex align-items-center mb-1\">\n\t\t\t\t\t\n\t\t\t\t\t\n\t\t\t\t<\/ul>\n\t\t\t<\/div><!-- blog-post-meta -->\n\t\t\t<div class=\"blog-post-title\">\n\t\t\t\t<h3 class=\"mb-1\"><a href=\"https:\/\/claus-von-benz.com\/es\/la-amnistia-del-gobierno-insular-una-oportunidad-para-legalizar-la-propiedad-en-suelo-rustico\/\">Amnist\u00eda del Gobierno insular: una oportunidad para legalizar las propiedades en suelo r\u00fastico<\/a><\/h3>\n\t\t\t<\/div><!-- blog-post-title -->\n\t\t\t<div class=\"blog-post-body mb-1\">\n\t\t\t\tEl gobierno balear ha introducido recientemente una amnist\u00eda que permite a los inmigrantes ilegales...\t\t\t<\/div><!-- blog-post-body -->\n\t\t\t<div class=\"blog-post-link small\">\n\t\t\t\t<a href=\"https:\/\/claus-von-benz.com\/es\/la-amnistia-del-gobierno-insular-una-oportunidad-para-legalizar-la-propiedad-en-suelo-rustico\/\">Seguir leyendo<\/a>\n\t\t\t<\/div><!-- blog-post-link -->\n\t\t<\/div><!-- blog-post-content-wrap -->\n\t\t\t<\/div><!-- blog-post-item -->\n<\/div><!-- blog-post-item-wrap --><div class=\"blog-post-item-wrap\">\n\t<div id=\"post-8759\" class=\"blog-post-item blog-post-item-v1 mb-3 post-8759 post type-post status-publish format-standard has-post-thumbnail hentry category-lifestyle category-mallorca tag-arbeiten-auf-mallorca tag-lifestyle tag-mallorca\">\n\t\t\n\t\t\t\t<div class=\"blog-post-thumb\">\n\t\t\t<a href=\"https:\/\/claus-von-benz.com\/es\/mallorca-el-paraiso-del-trabajo-a-distancia-en-todo-el-mundo\/\" class=\"hover-effect image-wrap\">\n\t\t\t\t<img loading=\"lazy\" decoding=\"async\" width=\"1440\" height=\"900\" src=\"https:\/\/claus-von-benz.com\/wp-content\/uploads\/2024\/09\/mallorca-blog_vom_remote-work.jpg\" class=\"img-fluid wp-post-image\" alt=\"mallorca blog desde trabajo remoto\" srcset=\"https:\/\/claus-von-benz.com\/wp-content\/uploads\/2024\/09\/mallorca-blog_vom_remote-work.jpg 1440w, https:\/\/claus-von-benz.com\/wp-content\/uploads\/2024\/09\/mallorca-blog_vom_remote-work-300x188.jpg 300w, https:\/\/claus-von-benz.com\/wp-content\/uploads\/2024\/09\/mallorca-blog_vom_remote-work-1024x640.jpg 1024w, https:\/\/claus-von-benz.com\/wp-content\/uploads\/2024\/09\/mallorca-blog_vom_remote-work-768x480.jpg 768w, https:\/\/claus-von-benz.com\/wp-content\/uploads\/2024\/09\/mallorca-blog_vom_remote-work-18x12.jpg 18w, https:\/\/claus-von-benz.com\/wp-content\/uploads\/2024\/09\/mallorca-blog_vom_remote-work-960x600.jpg 960w, https:\/\/claus-von-benz.com\/wp-content\/uploads\/2024\/09\/mallorca-blog_vom_remote-work-496x310.jpg 496w\" sizes=\"(max-width: 1440px) 100vw, 1440px\" \/>\t\t\t<\/a>\n\t\t<\/div><!-- blog-post-thumb -->\n\t\t\n\t\t<div class=\"blog-post-content-wrap\">\n\t\t\t<div class=\"blog-post-meta small\">\n\t\t\t\t<ul class=\"list-inline d-flex align-items-center mb-1\">\n\t\t\t\t\t\n\t\t\t\t\t\n\t\t\t\t<\/ul>\n\t\t\t<\/div><!-- blog-post-meta -->\n\t\t\t<div class=\"blog-post-title\">\n\t\t\t\t<h3 class=\"mb-1\"><a href=\"https:\/\/claus-von-benz.com\/es\/mallorca-el-paraiso-del-trabajo-a-distancia-en-todo-el-mundo\/\">Mallorca: EL para\u00edso mundial del trabajo a distancia<\/a><\/h3>\n\t\t\t<\/div><!-- blog-post-title -->\n\t\t\t<div class=\"blog-post-body mb-1\">\n\t\t\t\tMallorca se ha consolidado como el principal destino mundial para el trabajo a distancia. Seg\u00fan un reciente...\t\t\t<\/div><!-- blog-post-body -->\n\t\t\t<div class=\"blog-post-link small\">\n\t\t\t\t<a href=\"https:\/\/claus-von-benz.com\/es\/mallorca-el-paraiso-del-trabajo-a-distancia-en-todo-el-mundo\/\">Seguir leyendo<\/a>\n\t\t\t<\/div><!-- blog-post-link -->\n\t\t<\/div><!-- blog-post-content-wrap -->\n\t\t\t<\/div><!-- blog-post-item -->\n<\/div><!-- blog-post-item-wrap -->            <\/div>\n        <\/div>\n\n        \t\t\t\t<\/div>\n\t\t\t\t<\/div>\n\t\t\t\t\t<\/div>\n\t\t<\/div>\n\t\t\t\t\t<\/div>\n\t\t<\/section>\n\t\t\t\t<\/div>","protected":false},"excerpt":{"rendered":"<p>&gt; Volver a Mallorca Insights Visi\u00f3n general Los campos de golf m\u00e1s bonitos de Mallorca Un para\u00edso para los amantes del golf Mallorca, a menudo conocida como la \"Perla del Mediterr\u00e1neo\", no es s\u00f3lo un para\u00edso para los amantes de la playa y los marineros, sino tambi\u00e9n para los golfistas. Con una impresionante selecci\u00f3n de campos de golf de primera clase, que abarcan desde pintorescos paisajes de monta\u00f1a hasta impresionantes costas [...]<\/p>","protected":false},"author":2,"featured_media":0,"parent":2106,"menu_order":1,"comment_status":"closed","ping_status":"closed","template":"","meta":{"_seopress_robots_primary_cat":"","_seopress_titles_title":"","_seopress_titles_desc":"","_seopress_robots_index":"","om_disable_all_campaigns":false,"_uf_show_specific_survey":0,"_uf_disable_surveys":false,"footnotes":""},"class_list":["post-4280","page","type-page","status-publish","hentry"],"_links":{"self":[{"href":"https:\/\/claus-von-benz.com\/es\/wp-json\/wp\/v2\/pages\/4280","targetHints":{"allow":["GET"]}}],"collection":[{"href":"https:\/\/claus-von-benz.com\/es\/wp-json\/wp\/v2\/pages"}],"about":[{"href":"https:\/\/claus-von-benz.com\/es\/wp-json\/wp\/v2\/types\/page"}],"author":[{"embeddable":true,"href":"https:\/\/claus-von-benz.com\/es\/wp-json\/wp\/v2\/users\/2"}],"replies":[{"embeddable":true,"href":"https:\/\/claus-von-benz.com\/es\/wp-json\/wp\/v2\/comments?post=4280"}],"version-history":[{"count":35,"href":"https:\/\/claus-von-benz.com\/es\/wp-json\/wp\/v2\/pages\/4280\/revisions"}],"predecessor-version":[{"id":4534,"href":"https:\/\/claus-von-benz.com\/es\/wp-json\/wp\/v2\/pages\/4280\/revisions\/4534"}],"up":[{"embeddable":true,"href":"https:\/\/claus-von-benz.com\/es\/wp-json\/wp\/v2\/pages\/2106"}],"wp:attachment":[{"href":"https:\/\/claus-von-benz.com\/es\/wp-json\/wp\/v2\/media?parent=4280"}],"curies":[{"name":"wp","href":"https:\/\/api.w.org\/{rel}","templated":true}]}}