{"id":4152,"date":"2023-11-04T23:31:13","date_gmt":"2023-11-04T23:31:13","guid":{"rendered":"https:\/\/clausvonbenz-03919201.wptestserver.de\/?page_id=4152"},"modified":"2023-11-06T22:08:42","modified_gmt":"2023-11-06T22:08:42","slug":"los-puertos-deportivos-mas-bonitos-de-mallorca","status":"publish","type":"page","link":"https:\/\/claus-von-benz.com\/es\/mallorca-insights\/los-puertos-deportivos-mas-bonitos-de-mallorca\/","title":{"rendered":"Los puertos deportivos m\u00e1s bonitos de Mallorca"},"content":{"rendered":"<div data-elementor-type=\"wp-post\" data-elementor-id=\"4152\" class=\"elementor elementor-4152\" data-elementor-post-type=\"page\">\n\t\t\t\t\t\t<section class=\"elementor-section elementor-top-section elementor-element elementor-element-ff26425 elementor-section-boxed elementor-section-height-default elementor-section-height-default\" data-id=\"ff26425\" data-element_type=\"section\">\n\t\t\t\t\t\t<div class=\"elementor-container elementor-column-gap-default\">\n\t\t\t\t\t<div class=\"elementor-column elementor-col-100 elementor-top-column elementor-element elementor-element-7f5ddf5\" data-id=\"7f5ddf5\" data-element_type=\"column\">\n\t\t\t<div class=\"elementor-widget-wrap elementor-element-populated\">\n\t\t\t\t\t\t<div class=\"elementor-element elementor-element-abf656e elementor-nav-menu__align-start elementor-nav-menu--dropdown-none elementor-hidden-desktop elementor-hidden-tablet elementor-hidden-mobile elementor-widget elementor-widget-nav-menu\" data-id=\"abf656e\" data-element_type=\"widget\" data-settings=\"{&quot;layout&quot;:&quot;horizontal&quot;,&quot;submenu_icon&quot;:{&quot;value&quot;:&quot;&lt;i class=\\&quot;fas fa-caret-down\\&quot; aria-hidden=\\&quot;true\\&quot;&gt;&lt;\\\/i&gt;&quot;,&quot;library&quot;:&quot;fa-solid&quot;}}\" data-widget_type=\"nav-menu.default\">\n\t\t\t\t<div class=\"elementor-widget-container\">\n\t\t\t\t\t\t\t\t<nav aria-label=\"Men\u00fa\" class=\"elementor-nav-menu--main elementor-nav-menu__container elementor-nav-menu--layout-horizontal e--pointer-background e--animation-fade\">\n\t\t\t\t<ul id=\"menu-1-abf656e\" class=\"elementor-nav-menu\"><li class=\"menu-item menu-item-type-post_type menu-item-object-page menu-item-has-children menu-item-4587\"><a href=\"https:\/\/claus-von-benz.com\/es\/mallorca-insights\/\" class=\"elementor-item\">Mallorca Insights<\/a>\n<ul class=\"sub-menu elementor-nav-menu--dropdown\">\n\t<li class=\"menu-item menu-item-type-post_type menu-item-object-page menu-item-4591\"><a href=\"https:\/\/claus-von-benz.com\/es\/mallorca-insights\/los-puertos-deportivos-mas-bonitos-de-mallorca\/\" class=\"elementor-sub-item\">Los puertos deportivos m\u00e1s bonitos de Mallorca<\/a><\/li>\n\t<li class=\"menu-item menu-item-type-post_type menu-item-object-page menu-item-4590\"><a href=\"https:\/\/claus-von-benz.com\/es\/mallorca-insights\/los-campos-de-golf-mas-bonitos-de-mallorca\/\" class=\"elementor-sub-item\">Los campos de golf m\u00e1s bonitos de Mallorca<\/a><\/li>\n\t<li class=\"menu-item menu-item-type-post_type menu-item-object-page menu-item-4595\"><a href=\"https:\/\/claus-von-benz.com\/es\/mallorca-insights\/senderismo-en-mallorca\/\" class=\"elementor-sub-item\">Senderismo en Mallorca<\/a><\/li>\n\t<li class=\"menu-item menu-item-type-post_type menu-item-object-page menu-item-4594\"><a href=\"https:\/\/claus-von-benz.com\/es\/mallorca-insights\/los-20-mejores-sitios-de-arte-y-cultura-de-mallorca\/\" class=\"elementor-sub-item\">Los 20 mejores sitios de arte y cultura de Mallorca<\/a><\/li>\n\t<li class=\"menu-item menu-item-type-post_type menu-item-object-page menu-item-4593\"><a href=\"https:\/\/claus-von-benz.com\/es\/mallorca-insights\/residencia-y-empadronamiento\/\" class=\"elementor-sub-item\">Residencia y Empadronamiento<\/a><\/li>\n\t<li class=\"menu-item menu-item-type-post_type menu-item-object-page menu-item-4592\"><a href=\"https:\/\/claus-von-benz.com\/es\/mallorca-insights\/autorizacion-militar\/\" class=\"elementor-sub-item\">Autorizaci\u00f3n militar<\/a><\/li>\n\t<li class=\"menu-item menu-item-type-post_type menu-item-object-page menu-item-4589\"><a href=\"https:\/\/claus-von-benz.com\/es\/mallorca-insights\/visado-de-oro-para-ciudadanos-de-terceros-paises\/\" class=\"elementor-sub-item\">El visado de oro para ciudadanos de terceros pa\u00edses<\/a><\/li>\n\t<li class=\"menu-item menu-item-type-post_type menu-item-object-page menu-item-4588\"><a href=\"https:\/\/claus-von-benz.com\/es\/mallorca-insights\/matriculacion-de-vehiculos-e-itv-tuev\/\" class=\"elementor-sub-item\">Matriculaci\u00f3n de veh\u00edculos e ITV (Inspecci\u00f3n T\u00e9cnica de Veh\u00edculos)<\/a><\/li>\n<\/ul>\n<\/li>\n<\/ul>\t\t\t<\/nav>\n\t\t\t\t\t\t<nav class=\"elementor-nav-menu--dropdown elementor-nav-menu__container\" aria-hidden=\"true\">\n\t\t\t\t<ul id=\"menu-2-abf656e\" class=\"elementor-nav-menu\"><li class=\"menu-item menu-item-type-post_type menu-item-object-page menu-item-has-children menu-item-4587\"><a href=\"https:\/\/claus-von-benz.com\/es\/mallorca-insights\/\" class=\"elementor-item\" tabindex=\"-1\">Mallorca Insights<\/a>\n<ul class=\"sub-menu elementor-nav-menu--dropdown\">\n\t<li class=\"menu-item menu-item-type-post_type menu-item-object-page menu-item-4591\"><a href=\"https:\/\/claus-von-benz.com\/es\/mallorca-insights\/los-puertos-deportivos-mas-bonitos-de-mallorca\/\" class=\"elementor-sub-item\" tabindex=\"-1\">Los puertos deportivos m\u00e1s bonitos de Mallorca<\/a><\/li>\n\t<li class=\"menu-item menu-item-type-post_type menu-item-object-page menu-item-4590\"><a href=\"https:\/\/claus-von-benz.com\/es\/mallorca-insights\/los-campos-de-golf-mas-bonitos-de-mallorca\/\" class=\"elementor-sub-item\" tabindex=\"-1\">Los campos de golf m\u00e1s bonitos de Mallorca<\/a><\/li>\n\t<li class=\"menu-item menu-item-type-post_type menu-item-object-page menu-item-4595\"><a href=\"https:\/\/claus-von-benz.com\/es\/mallorca-insights\/senderismo-en-mallorca\/\" class=\"elementor-sub-item\" tabindex=\"-1\">Senderismo en Mallorca<\/a><\/li>\n\t<li class=\"menu-item menu-item-type-post_type menu-item-object-page menu-item-4594\"><a href=\"https:\/\/claus-von-benz.com\/es\/mallorca-insights\/los-20-mejores-sitios-de-arte-y-cultura-de-mallorca\/\" class=\"elementor-sub-item\" tabindex=\"-1\">Los 20 mejores sitios de arte y cultura de Mallorca<\/a><\/li>\n\t<li class=\"menu-item menu-item-type-post_type menu-item-object-page menu-item-4593\"><a href=\"https:\/\/claus-von-benz.com\/es\/mallorca-insights\/residencia-y-empadronamiento\/\" class=\"elementor-sub-item\" tabindex=\"-1\">Residencia y Empadronamiento<\/a><\/li>\n\t<li class=\"menu-item menu-item-type-post_type menu-item-object-page menu-item-4592\"><a href=\"https:\/\/claus-von-benz.com\/es\/mallorca-insights\/autorizacion-militar\/\" class=\"elementor-sub-item\" tabindex=\"-1\">Autorizaci\u00f3n militar<\/a><\/li>\n\t<li class=\"menu-item menu-item-type-post_type menu-item-object-page menu-item-4589\"><a href=\"https:\/\/claus-von-benz.com\/es\/mallorca-insights\/visado-de-oro-para-ciudadanos-de-terceros-paises\/\" class=\"elementor-sub-item\" tabindex=\"-1\">El visado de oro para ciudadanos de terceros pa\u00edses<\/a><\/li>\n\t<li class=\"menu-item menu-item-type-post_type menu-item-object-page menu-item-4588\"><a href=\"https:\/\/claus-von-benz.com\/es\/mallorca-insights\/matriculacion-de-vehiculos-e-itv-tuev\/\" class=\"elementor-sub-item\" tabindex=\"-1\">Matriculaci\u00f3n de veh\u00edculos e ITV (Inspecci\u00f3n T\u00e9cnica de Veh\u00edculos)<\/a><\/li>\n<\/ul>\n<\/li>\n<\/ul>\t\t\t<\/nav>\n\t\t\t\t\t\t<\/div>\n\t\t\t\t<\/div>\n\t\t\t\t<div class=\"elementor-element elementor-element-735a5de elementor-widget elementor-widget-spacer\" data-id=\"735a5de\" data-element_type=\"widget\" data-widget_type=\"spacer.default\">\n\t\t\t\t<div class=\"elementor-widget-container\">\n\t\t\t\t\t\t\t<div class=\"elementor-spacer\">\n\t\t\t<div class=\"elementor-spacer-inner\"><\/div>\n\t\t<\/div>\n\t\t\t\t\t\t<\/div>\n\t\t\t\t<\/div>\n\t\t\t\t<div class=\"elementor-element elementor-element-7879b5f elementor-widget elementor-widget-text-editor\" data-id=\"7879b5f\" data-element_type=\"widget\" data-widget_type=\"text-editor.default\">\n\t\t\t\t<div class=\"elementor-widget-container\">\n\t\t\t\t\t\t\t\t\t<p><a href=\"https:\/\/claus-von-benz.com\/es\/mallorca-insights\/\">&gt; Volver a Mallorca Insights<\/a><\/p>\t\t\t\t\t\t\t\t<\/div>\n\t\t\t\t<\/div>\n\t\t\t\t<div class=\"elementor-element elementor-element-349a026 elementor-widget elementor-widget-heading\" data-id=\"349a026\" data-element_type=\"widget\" data-widget_type=\"heading.default\">\n\t\t\t\t<div class=\"elementor-widget-container\">\n\t\t\t\t\t<h2 class=\"elementor-heading-title elementor-size-default\">Los puertos deportivos m\u00e1s bonitos de Mallorca<\/h2>\t\t\t\t<\/div>\n\t\t\t\t<\/div>\n\t\t\t\t<div class=\"elementor-element elementor-element-a9aecd3 elementor-widget elementor-widget-heading\" data-id=\"a9aecd3\" data-element_type=\"widget\" data-widget_type=\"heading.default\">\n\t\t\t\t<div class=\"elementor-widget-container\">\n\t\t\t\t\t<h5 class=\"elementor-heading-title elementor-size-default\">Lujo, naturaleza y ambiente mediterr\u00e1neo<\/h5>\t\t\t\t<\/div>\n\t\t\t\t<\/div>\n\t\t\t\t<div class=\"elementor-element elementor-element-09fa90c elementor-widget elementor-widget-spacer\" data-id=\"09fa90c\" data-element_type=\"widget\" data-widget_type=\"spacer.default\">\n\t\t\t\t<div class=\"elementor-widget-container\">\n\t\t\t\t\t\t\t<div class=\"elementor-spacer\">\n\t\t\t<div class=\"elementor-spacer-inner\"><\/div>\n\t\t<\/div>\n\t\t\t\t\t\t<\/div>\n\t\t\t\t<\/div>\n\t\t\t\t<div class=\"elementor-element elementor-element-6efba26 elementor-widget elementor-widget-text-editor\" data-id=\"6efba26\" data-element_type=\"widget\" data-widget_type=\"text-editor.default\">\n\t\t\t\t<div class=\"elementor-widget-container\">\n\t\t\t\t\t\t\t\t\t<p data-wp-editing=\"1\">Mallorca, la perla de las Baleares, no s\u00f3lo es conocida por sus impresionantes playas y pintorescos pueblos, sino tambi\u00e9n por sus puertos deportivos de primera categor\u00eda. Estos puertos no s\u00f3lo son escalas para navegantes y propietarios de yates, sino que tambi\u00e9n ofrecen una gran variedad de servicios, restaurantes y oportunidades para ir de compras. Aqu\u00ed le presentamos algunos de los puertos deportivos m\u00e1s bonitos de Mallorca:<\/p>\t\t\t\t\t\t\t\t<\/div>\n\t\t\t\t<\/div>\n\t\t\t\t\t<\/div>\n\t\t<\/div>\n\t\t\t\t\t<\/div>\n\t\t<\/section>\n\t\t\t\t<section class=\"elementor-section elementor-top-section elementor-element elementor-element-abf8b23 elementor-section-boxed elementor-section-height-default elementor-section-height-default\" data-id=\"abf8b23\" data-element_type=\"section\">\n\t\t\t\t\t\t<div class=\"elementor-container elementor-column-gap-default\">\n\t\t\t\t\t<div class=\"elementor-column elementor-col-100 elementor-top-column elementor-element elementor-element-62931cf\" data-id=\"62931cf\" data-element_type=\"column\">\n\t\t\t<div class=\"elementor-widget-wrap elementor-element-populated\">\n\t\t\t\t\t\t<div class=\"elementor-element elementor-element-0057bfa elementor-widget elementor-widget-image\" data-id=\"0057bfa\" data-element_type=\"widget\" data-widget_type=\"image.default\">\n\t\t\t\t<div class=\"elementor-widget-container\">\n\t\t\t\t\t\t\t\t\t\t\t\t\t\t\t<img fetchpriority=\"high\" decoding=\"async\" width=\"1440\" height=\"500\" src=\"https:\/\/claus-von-benz.com\/wp-content\/uploads\/2023\/11\/mallorca_insights_yachthaefen.jpg\" class=\"attachment-full size-full wp-image-4243\" alt=\"mallorca insights yachthaefen Inmobiliaria Mallorca - Inmuebles de lujo, fincas y pisos de lujo en venta en Mallorca - Claus von Benz Inmobiliaria Mallorca\" srcset=\"https:\/\/claus-von-benz.com\/wp-content\/uploads\/2023\/11\/mallorca_insights_yachthaefen.jpg 1440w, https:\/\/claus-von-benz.com\/wp-content\/uploads\/2023\/11\/mallorca_insights_yachthaefen-300x104.jpg 300w, https:\/\/claus-von-benz.com\/wp-content\/uploads\/2023\/11\/mallorca_insights_yachthaefen-1024x356.jpg 1024w, https:\/\/claus-von-benz.com\/wp-content\/uploads\/2023\/11\/mallorca_insights_yachthaefen-768x267.jpg 768w, https:\/\/claus-von-benz.com\/wp-content\/uploads\/2023\/11\/mallorca_insights_yachthaefen-496x172.jpg 496w\" sizes=\"(max-width: 1440px) 100vw, 1440px\" \/>\t\t\t\t\t\t\t\t\t\t\t\t\t\t\t<\/div>\n\t\t\t\t<\/div>\n\t\t\t\t<div class=\"elementor-element elementor-element-2bce3fb elementor-widget elementor-widget-houzez_elementor_space\" data-id=\"2bce3fb\" data-element_type=\"widget\" data-widget_type=\"houzez_elementor_space.default\">\n\t\t\t\t<div class=\"elementor-widget-container\">\n\t\t\t\t\t        <div class=\"houzez-spacer\">\n            <div class=\"houzez-spacer-inner\"><\/div>\n        <\/div>\n        \t\t\t\t<\/div>\n\t\t\t\t<\/div>\n\t\t\t\t\t<\/div>\n\t\t<\/div>\n\t\t\t\t\t<\/div>\n\t\t<\/section>\n\t\t\t\t<section class=\"elementor-section elementor-top-section elementor-element elementor-element-114c44e elementor-section-boxed elementor-section-height-default elementor-section-height-default\" data-id=\"114c44e\" data-element_type=\"section\">\n\t\t\t\t\t\t<div class=\"elementor-container elementor-column-gap-default\">\n\t\t\t\t\t<div class=\"elementor-column elementor-col-100 elementor-top-column elementor-element elementor-element-8754a06\" data-id=\"8754a06\" data-element_type=\"column\">\n\t\t\t<div class=\"elementor-widget-wrap elementor-element-populated\">\n\t\t\t\t\t\t<section class=\"elementor-section elementor-inner-section elementor-element elementor-element-4674ee3 elementor-section-boxed elementor-section-height-default elementor-section-height-default\" data-id=\"4674ee3\" data-element_type=\"section\">\n\t\t\t\t\t\t<div class=\"elementor-container elementor-column-gap-default\">\n\t\t\t\t\t<div class=\"elementor-column elementor-col-50 elementor-inner-column elementor-element elementor-element-3049761\" data-id=\"3049761\" data-element_type=\"column\">\n\t\t\t<div class=\"elementor-widget-wrap elementor-element-populated\">\n\t\t\t\t\t\t<div class=\"elementor-element elementor-element-62ad83e elementor-widget elementor-widget-text-editor\" data-id=\"62ad83e\" data-element_type=\"widget\" data-widget_type=\"text-editor.default\">\n\t\t\t\t<div class=\"elementor-widget-container\">\n\t\t\t\t\t\t\t\t\t<p data-wp-editing=\"1\"><b>1er Puerto Portales<\/b><br \/>Puerto Portals, uno de los puertos deportivos m\u00e1s lujosos del Mediterr\u00e1neo, es un im\u00e1n para ricos y famosos. Con m\u00e1s de 600 amarres, restaurantes y boutiques de primera clase, este puerto es una visita obligada para todo visitante.<\/p><p data-wp-editing=\"1\"><b>2. puerto deportivo de palma<\/b><br \/>Situada en el coraz\u00f3n de la capital, la Marina de Palma es un animado puerto con una impresionante flota de superyates. El puerto deportivo est\u00e1 rodeado de una gran variedad de bares, restaurantes y tiendas que ofrecen una vibrante vida nocturna.<\/p><p data-wp-editing=\"1\"><b>3. puerto de Andratx<\/b><br \/>Este pintoresco puerto del suroeste de la isla est\u00e1 rodeado de impresionantes monta\u00f1as y ofrece impresionantes vistas del Mediterr\u00e1neo. Port d'Andratx es conocido por su ambiente relajado y sus exquisitos restaurantes de pescado.<\/p><p data-wp-editing=\"1\"><b>4\u00ba Puerto de S\u00f3ller<\/b><br \/>Enclavado en una hermosa bah\u00eda de la costa oeste de Mallorca, Port de S\u00f3ller es un puerto hist\u00f3rico con un encantador car\u00e1cter de pueblo. El puerto es un punto de partida ideal para excursiones a la cercana Serra de Tramuntana.<\/p><p data-wp-editing=\"1\"><b>5\u00ba Puerto Adriano<\/b><br \/>Dise\u00f1ado por el famoso arquitecto Philippe Starck, Port Adriano es un moderno puerto deportivo con instalaciones de primera clase. Adem\u00e1s de los impresionantes yates, el puerto tambi\u00e9n ofrece una selecci\u00f3n de tiendas y restaurantes de lujo.<\/p><p data-wp-editing=\"1\"><b>6\u00ba Puerto deportivo de Cala d'Or<\/b><br \/>Situado en el sureste de la isla, el puerto deportivo de Cala d'Or est\u00e1 rodeado de pintorescas bah\u00edas y aguas cristalinas. El puerto ofrece un ambiente relajado y es un fondeadero popular entre los navegantes.<\/p><p data-wp-editing=\"1\"><b>7\u00ba Club N\u00e1utico Santa Pon\u00e7a<\/b><br \/>Este puerto est\u00e1 situado en la costa suroeste y ofrece m\u00e1s de 500 amarres. Por su proximidad a algunas de las mejores playas de la isla y su animado entorno, es especialmente popular entre las familias.<\/p>\t\t\t\t\t\t\t\t<\/div>\n\t\t\t\t<\/div>\n\t\t\t\t\t<\/div>\n\t\t<\/div>\n\t\t\t\t<div class=\"elementor-column elementor-col-50 elementor-inner-column elementor-element elementor-element-7c0bcd8\" data-id=\"7c0bcd8\" data-element_type=\"column\">\n\t\t\t<div class=\"elementor-widget-wrap elementor-element-populated\">\n\t\t\t\t\t\t<div class=\"elementor-element elementor-element-a79a77d elementor-widget elementor-widget-text-editor\" data-id=\"a79a77d\" data-element_type=\"widget\" data-widget_type=\"text-editor.default\">\n\t\t\t\t<div class=\"elementor-widget-container\">\n\t\t\t\t\t\t\t\t\t<p data-wp-editing=\"1\"><b>8\u00ba Puerto de Pollen\u00e7a<\/b><br \/>Situado en el norte de la isla, este puerto ofrece un impresionante tel\u00f3n de fondo con la sierra de Tramuntana. Es un lugar tranquilo y pintoresco, ideal para quienes buscan relajarse.<\/p><p data-wp-editing=\"1\"><b>9\u00ba Puerto de Alc\u00fadia<\/b><br \/>Este moderno puerto deportivo ofrece m\u00e1s de 700 amarres y una amplia gama de servicios. Est\u00e1 cerca de la animada localidad tur\u00edstica de Alc\u00fadia, con sus playas y lugares de inter\u00e9s hist\u00f3rico.<\/p><p data-wp-editing=\"1\"><b>10\u00ba Club N\u00e1utico de Cala Gamba<\/b><br \/>Un puerto m\u00e1s peque\u00f1o pero encantador cerca de Palma. Es conocido por sus restaurantes de pescado y su ambiente relajado.<\/p><p data-wp-editing=\"1\"><b>11\u00ba Puerto de Sa R\u00e0pita<\/b><br \/>Situado en la costa sur, este puerto es la puerta de entrada a la impresionante playa de Es Trenc. Es un lugar tranquilo, ideal para los amantes de la naturaleza.<\/p><p data-wp-editing=\"1\"><b>12\u00ba Puerto de Cala Ratjada<\/b><br \/>Este puerto del noreste de la isla es un fondeadero popular entre los navegantes que desean explorar las bah\u00edas y playas de los alrededores.<\/p><p data-wp-editing=\"1\"><b>13\u00ba Puerto de Can Pastilla<\/b><br \/>A s\u00f3lo unos minutos del aeropuerto de Palma, este puerto es un lugar popular para los entusiastas de los deportes acu\u00e1ticos y ofrece un ambiente animado.<\/p><p data-wp-editing=\"1\"><b>14\u00ba Port de Col\u00f2nia de Sant Jordi<\/b><br \/>Este puerto es el punto de partida de excursiones en barco a la cercana isla de Cabrera, un parque nacional de naturaleza virgen.<\/p><p data-wp-editing=\"1\"><b>15\u00ba Puerto de Cala Figuera<\/b><br \/>Un puerto pesquero tradicional que ha conservado su encanto original. Aqu\u00ed se vive la aut\u00e9ntica Mallorca.<\/p><p data-wp-editing=\"1\"><b>16\u00ba Club N\u00e1utico El Arenal<\/b><br \/>Situado en la bah\u00eda de Palma, este puerto es conocido por su escuela de vela y las regatas anuales que se celebran en \u00e9l.<\/p>\t\t\t\t\t\t\t\t<\/div>\n\t\t\t\t<\/div>\n\t\t\t\t\t<\/div>\n\t\t<\/div>\n\t\t\t\t\t<\/div>\n\t\t<\/section>\n\t\t\t\t\t<\/div>\n\t\t<\/div>\n\t\t\t\t\t<\/div>\n\t\t<\/section>\n\t\t\t\t<section class=\"elementor-section elementor-top-section elementor-element elementor-element-abca353 elementor-section-boxed elementor-section-height-default elementor-section-height-default\" data-id=\"abca353\" data-element_type=\"section\">\n\t\t\t\t\t\t<div class=\"elementor-container elementor-column-gap-default\">\n\t\t\t\t\t<div class=\"elementor-column elementor-col-100 elementor-top-column elementor-element elementor-element-cbccaac\" data-id=\"cbccaac\" data-element_type=\"column\">\n\t\t\t<div class=\"elementor-widget-wrap elementor-element-populated\">\n\t\t\t\t\t\t<div class=\"elementor-element elementor-element-ff5b22e elementor-widget elementor-widget-text-editor\" data-id=\"ff5b22e\" data-element_type=\"widget\" data-widget_type=\"text-editor.default\">\n\t\t\t\t<div class=\"elementor-widget-container\">\n\t\t\t\t\t\t\t\t\t<p data-wp-editing=\"1\"><b>Conclusi\u00f3n<\/b><br \/>Mallorca ofrece una impresionante variedad de puertos deportivos que satisfacen las necesidades tanto de navegantes como de visitantes. Desde lujosas instalaciones hasta puertos pesqueros tradicionales, la isla tiene algo para todos los gustos. No es de extra\u00f1ar que Mallorca est\u00e9 considerada uno de los mejores destinos n\u00e1uticos del Mediterr\u00e1neo.<\/p>\t\t\t\t\t\t\t\t<\/div>\n\t\t\t\t<\/div>\n\t\t\t\t\t<\/div>\n\t\t<\/div>\n\t\t\t\t\t<\/div>\n\t\t<\/section>\n\t\t\t\t<section class=\"elementor-section elementor-top-section elementor-element elementor-element-2adebb5 elementor-hidden-desktop elementor-hidden-tablet elementor-hidden-mobile elementor-section-boxed elementor-section-height-default elementor-section-height-default\" data-id=\"2adebb5\" data-element_type=\"section\">\n\t\t\t\t\t\t<div class=\"elementor-container elementor-column-gap-default\">\n\t\t\t\t\t<div class=\"elementor-column elementor-col-100 elementor-top-column elementor-element elementor-element-df5ba0f\" data-id=\"df5ba0f\" data-element_type=\"column\">\n\t\t\t<div class=\"elementor-widget-wrap elementor-element-populated\">\n\t\t\t\t\t\t<section class=\"elementor-section elementor-inner-section elementor-element elementor-element-10fb65e elementor-section-boxed elementor-section-height-default elementor-section-height-default\" data-id=\"10fb65e\" data-element_type=\"section\">\n\t\t\t\t\t\t<div class=\"elementor-container elementor-column-gap-wider\">\n\t\t\t\t\t<div class=\"elementor-column elementor-col-33 elementor-inner-column elementor-element elementor-element-b593eb2\" data-id=\"b593eb2\" data-element_type=\"column\">\n\t\t\t<div class=\"elementor-widget-wrap elementor-element-populated\">\n\t\t\t\t\t\t<div class=\"elementor-element elementor-element-914479c elementor-widget elementor-widget-image\" data-id=\"914479c\" data-element_type=\"widget\" data-widget_type=\"image.default\">\n\t\t\t\t<div class=\"elementor-widget-container\">\n\t\t\t\t\t\t\t\t\t\t\t\t\t\t\t<img decoding=\"async\" width=\"800\" height=\"533\" src=\"https:\/\/claus-von-benz.com\/wp-content\/uploads\/2023\/11\/hg_slider_yachthafen-1.jpg\" class=\"attachment-large size-large wp-image-4055\" alt=\"hg slider yachthafen Immobilien Mallorca - Inmuebles de lujo, fincas y pisos de lujo en venta en Mallorca - Claus von Benz Real Estate Mallorca\" srcset=\"https:\/\/claus-von-benz.com\/wp-content\/uploads\/2023\/11\/hg_slider_yachthafen-1.jpg 800w, https:\/\/claus-von-benz.com\/wp-content\/uploads\/2023\/11\/hg_slider_yachthafen-1-300x200.jpg 300w, https:\/\/claus-von-benz.com\/wp-content\/uploads\/2023\/11\/hg_slider_yachthafen-1-768x512.jpg 768w, https:\/\/claus-von-benz.com\/wp-content\/uploads\/2023\/11\/hg_slider_yachthafen-1-496x330.jpg 496w\" sizes=\"(max-width: 800px) 100vw, 800px\" \/>\t\t\t\t\t\t\t\t\t\t\t\t\t\t\t<\/div>\n\t\t\t\t<\/div>\n\t\t\t\t\t<\/div>\n\t\t<\/div>\n\t\t\t\t<div class=\"elementor-column elementor-col-66 elementor-inner-column elementor-element elementor-element-6a8dde6\" data-id=\"6a8dde6\" data-element_type=\"column\">\n\t\t\t<div class=\"elementor-widget-wrap elementor-element-populated\">\n\t\t\t\t\t\t<div class=\"elementor-element elementor-element-70a5f51 elementor-widget elementor-widget-text-editor\" data-id=\"70a5f51\" data-element_type=\"widget\" data-widget_type=\"text-editor.default\">\n\t\t\t\t<div class=\"elementor-widget-container\">\n\t\t\t\t\t\t\t\t\t<p data-wp-editing=\"1\">Mallorca, la perla de las Baleares, no s\u00f3lo es conocida por sus impresionantes playas y pintorescos pueblos, sino tambi\u00e9n por sus puertos deportivos de primera categor\u00eda. Estos puertos no s\u00f3lo son escalas para navegantes y propietarios de yates, sino que tambi\u00e9n ofrecen una gran variedad de servicios, restaurantes y oportunidades para ir de compras. Aqu\u00ed le presentamos algunos de los puertos deportivos m\u00e1s bonitos de Mallorca:<\/p>\t\t\t\t\t\t\t\t<\/div>\n\t\t\t\t<\/div>\n\t\t\t\t<div class=\"elementor-element elementor-element-4bed066 elementor-widget elementor-widget-text-editor\" data-id=\"4bed066\" data-element_type=\"widget\" data-widget_type=\"text-editor.default\">\n\t\t\t\t<div class=\"elementor-widget-container\">\n\t\t\t\t\t\t\t\t\t<p data-wp-editing=\"1\"><b>1er Puerto Portales<\/b><br \/>Puerto Portals, uno de los puertos deportivos m\u00e1s lujosos del Mediterr\u00e1neo, es un im\u00e1n para ricos y famosos. Con m\u00e1s de 600 amarres, restaurantes y boutiques de primera clase, este puerto es una visita obligada para todo visitante.<\/p><p data-wp-editing=\"1\"><b>2. puerto deportivo de palma<\/b><br \/>Situada en el coraz\u00f3n de la capital, la Marina de Palma es un animado puerto con una impresionante flota de superyates. El puerto deportivo est\u00e1 rodeado de una gran variedad de bares, restaurantes y tiendas que ofrecen una vibrante vida nocturna.<\/p><p data-wp-editing=\"1\"><b>3. puerto de Andratx<\/b><br \/>Este pintoresco puerto del suroeste de la isla est\u00e1 rodeado de impresionantes monta\u00f1as y ofrece impresionantes vistas del Mediterr\u00e1neo. Port d'Andratx es conocido por su ambiente relajado y sus exquisitos restaurantes de pescado.<\/p><p data-wp-editing=\"1\"><b>4\u00ba Puerto de S\u00f3ller<\/b><br \/>Enclavado en una hermosa bah\u00eda de la costa oeste de Mallorca, Port de S\u00f3ller es un puerto hist\u00f3rico con un encantador car\u00e1cter de pueblo. El puerto es un punto de partida ideal para excursiones a la cercana Serra de Tramuntana.<\/p><p data-wp-editing=\"1\"><b>5\u00ba Puerto Adriano<\/b><br \/>Dise\u00f1ado por el famoso arquitecto Philippe Starck, Port Adriano es un moderno puerto deportivo con instalaciones de primera clase. Adem\u00e1s de los impresionantes yates, el puerto tambi\u00e9n ofrece una selecci\u00f3n de tiendas y restaurantes de lujo.<\/p><p data-wp-editing=\"1\"><b>6\u00ba Puerto deportivo de Cala d'Or<\/b><br \/>Situado en el sureste de la isla, el puerto deportivo de Cala d'Or est\u00e1 rodeado de pintorescas bah\u00edas y aguas cristalinas. El puerto ofrece un ambiente relajado y es un fondeadero popular entre los navegantes.<\/p><p data-wp-editing=\"1\"><b>7\u00ba Club N\u00e1utico Santa Pon\u00e7a<\/b><br \/>Este puerto est\u00e1 situado en la costa suroeste y ofrece m\u00e1s de 500 amarres. Por su proximidad a algunas de las mejores playas de la isla y su animado entorno, es especialmente popular entre las familias.<\/p><p data-wp-editing=\"1\"><b>8\u00ba Puerto de Pollen\u00e7a<\/b><br \/>Situado en el norte de la isla, este puerto ofrece un impresionante tel\u00f3n de fondo con la sierra de Tramuntana. Es un lugar tranquilo y pintoresco, ideal para quienes buscan relajarse.<\/p><p data-wp-editing=\"1\"><b>9\u00ba Puerto de Alc\u00fadia<\/b><br \/>Este moderno puerto deportivo ofrece m\u00e1s de 700 amarres y una amplia gama de servicios. Est\u00e1 cerca de la animada localidad tur\u00edstica de Alc\u00fadia, con sus playas y lugares de inter\u00e9s hist\u00f3rico.<\/p><p data-wp-editing=\"1\"><b>10\u00ba Club N\u00e1utico de Cala Gamba<\/b><br \/>Un puerto m\u00e1s peque\u00f1o pero encantador cerca de Palma. Es conocido por sus restaurantes de pescado y su ambiente relajado.<\/p><p data-wp-editing=\"1\"><b>11\u00ba Puerto de Sa R\u00e0pita<\/b><br \/>Situado en la costa sur, este puerto es la puerta de entrada a la impresionante playa de Es Trenc. Es un lugar tranquilo, ideal para los amantes de la naturaleza.<\/p><p data-wp-editing=\"1\"><b>12\u00ba Puerto de Cala Ratjada<\/b><br \/>Este puerto del noreste de la isla es un fondeadero popular entre los navegantes que desean explorar las bah\u00edas y playas de los alrededores.<\/p><p data-wp-editing=\"1\"><b>13\u00ba Puerto de Can Pastilla<\/b><br \/>A s\u00f3lo unos minutos del aeropuerto de Palma, este puerto es un lugar popular para los entusiastas de los deportes acu\u00e1ticos y ofrece un ambiente animado.<\/p><p data-wp-editing=\"1\"><b>14\u00ba Port de Col\u00f2nia de Sant Jordi<\/b><br \/>Este puerto es el punto de partida de excursiones en barco a la cercana isla de Cabrera, un parque nacional de naturaleza virgen.<\/p><p data-wp-editing=\"1\"><b>15\u00ba Puerto de Cala Figuera<\/b><br \/>Un puerto pesquero tradicional que ha conservado su encanto original. Aqu\u00ed se vive la aut\u00e9ntica Mallorca.<\/p><p data-wp-editing=\"1\"><b>16\u00ba Club N\u00e1utico El Arenal<\/b><br \/>Situado en la bah\u00eda de Palma, este puerto es conocido por su escuela de vela y las regatas anuales que se celebran en \u00e9l.<\/p><p data-wp-editing=\"1\"><b>Conclusi\u00f3n<\/b><br \/>Mallorca ofrece una impresionante variedad de puertos deportivos que satisfacen las necesidades tanto de navegantes como de visitantes. Desde lujosas instalaciones hasta puertos pesqueros tradicionales, la isla tiene algo para todos los gustos. No es de extra\u00f1ar que Mallorca est\u00e9 considerada uno de los mejores destinos n\u00e1uticos del Mediterr\u00e1neo.<\/p>\t\t\t\t\t\t\t\t<\/div>\n\t\t\t\t<\/div>\n\t\t\t\t\t<\/div>\n\t\t<\/div>\n\t\t\t\t\t<\/div>\n\t\t<\/section>\n\t\t\t\t\t<\/div>\n\t\t<\/div>\n\t\t\t\t\t<\/div>\n\t\t<\/section>\n\t\t\t\t<section class=\"elementor-section elementor-top-section elementor-element elementor-element-4aaabb8a elementor-section-boxed elementor-section-height-default elementor-section-height-default\" data-id=\"4aaabb8a\" data-element_type=\"section\">\n\t\t\t\t\t\t<div class=\"elementor-container elementor-column-gap-default\">\n\t\t\t\t\t<div class=\"elementor-column elementor-col-100 elementor-top-column elementor-element elementor-element-3f6d0714\" data-id=\"3f6d0714\" data-element_type=\"column\">\n\t\t\t<div class=\"elementor-widget-wrap elementor-element-populated\">\n\t\t\t\t\t\t<div class=\"elementor-element elementor-element-74e6e1cc elementor-widget elementor-widget-houzez_elementor_space\" data-id=\"74e6e1cc\" data-element_type=\"widget\" data-widget_type=\"houzez_elementor_space.default\">\n\t\t\t\t<div class=\"elementor-widget-container\">\n\t\t\t\t\t        <div class=\"houzez-spacer\">\n            <div class=\"houzez-spacer-inner\"><\/div>\n        <\/div>\n        \t\t\t\t<\/div>\n\t\t\t\t<\/div>\n\t\t\t\t<div class=\"elementor-element elementor-element-7ca8b8e4 elementor-widget elementor-widget-heading\" data-id=\"7ca8b8e4\" data-element_type=\"widget\" data-widget_type=\"heading.default\">\n\t\t\t\t<div class=\"elementor-widget-container\">\n\t\t\t\t\t<h2 class=\"elementor-heading-title elementor-size-large\">Mallorca Property &amp; Lifestyle Blog<\/h2>\t\t\t\t<\/div>\n\t\t\t\t<\/div>\n\t\t\t\t<div class=\"elementor-element elementor-element-6e909d31 elementor-widget elementor-widget-heading\" data-id=\"6e909d31\" data-element_type=\"widget\" data-widget_type=\"heading.default\">\n\t\t\t\t<div class=\"elementor-widget-container\">\n\t\t\t\t\t<p class=\"elementor-heading-title elementor-size-medium\">Noticias sobre la vida en Mallorca<\/p>\t\t\t\t<\/div>\n\t\t\t\t<\/div>\n\t\t\t\t<div class=\"elementor-element elementor-element-5758d403 elementor-widget elementor-widget-houzez_elementor_space\" data-id=\"5758d403\" data-element_type=\"widget\" data-widget_type=\"houzez_elementor_space.default\">\n\t\t\t\t<div class=\"elementor-widget-container\">\n\t\t\t\t\t        <div class=\"houzez-spacer\">\n            <div class=\"houzez-spacer-inner\"><\/div>\n        <\/div>\n        \t\t\t\t<\/div>\n\t\t\t\t<\/div>\n\t\t\t\t<div class=\"elementor-element elementor-element-1b71c2ca elementor-widget elementor-widget-houzez_elementor_blog_posts\" data-id=\"1b71c2ca\" data-element_type=\"widget\" data-widget_type=\"houzez_elementor_blog_posts.default\">\n\t\t\t\t<div class=\"elementor-widget-container\">\n\t\t\t\t\t\n        <div class=\"blog-posts-module blog-posts-module-v1\">\n            <div class=\"row row-cols-1 row-cols-md-2 row-cols-lg-3 g-3\">\n                <div class=\"blog-post-item-wrap\">\n\t<div id=\"post-10067\" class=\"blog-post-item blog-post-item-v1 mb-3 post-10067 post type-post status-publish format-standard has-post-thumbnail hentry category-immobilie-kaufen category-mallorca tag-finca tag-mallorca tag-real-estate tag-villa\">\n\t\t\n\t\t\t\t<div class=\"blog-post-thumb\">\n\t\t\t<a href=\"https:\/\/claus-von-benz.com\/es\/procedimiento-acelerado-de-okupacion-lo-que-deben-saber-los-propietarios-de-inmuebles-en-mallorca\/\" class=\"hover-effect image-wrap\">\n\t\t\t\t<img decoding=\"async\" width=\"1440\" height=\"900\" src=\"https:\/\/claus-von-benz.com\/wp-content\/uploads\/2024\/11\/mallorca-blog_schnellverfahren-hausbesetzungen-min.jpg\" class=\"img-fluid wp-post-image\" alt=\"mallorca blog fast-track squatting min\" srcset=\"https:\/\/claus-von-benz.com\/wp-content\/uploads\/2024\/11\/mallorca-blog_schnellverfahren-hausbesetzungen-min.jpg 1440w, https:\/\/claus-von-benz.com\/wp-content\/uploads\/2024\/11\/mallorca-blog_schnellverfahren-hausbesetzungen-min-300x188.jpg 300w, https:\/\/claus-von-benz.com\/wp-content\/uploads\/2024\/11\/mallorca-blog_schnellverfahren-hausbesetzungen-min-1024x640.jpg 1024w, https:\/\/claus-von-benz.com\/wp-content\/uploads\/2024\/11\/mallorca-blog_schnellverfahren-hausbesetzungen-min-768x480.jpg 768w, https:\/\/claus-von-benz.com\/wp-content\/uploads\/2024\/11\/mallorca-blog_schnellverfahren-hausbesetzungen-min-18x12.jpg 18w, https:\/\/claus-von-benz.com\/wp-content\/uploads\/2024\/11\/mallorca-blog_schnellverfahren-hausbesetzungen-min-960x600.jpg 960w, https:\/\/claus-von-benz.com\/wp-content\/uploads\/2024\/11\/mallorca-blog_schnellverfahren-hausbesetzungen-min-496x310.jpg 496w\" sizes=\"(max-width: 1440px) 100vw, 1440px\" \/>\t\t\t<\/a>\n\t\t<\/div><!-- blog-post-thumb -->\n\t\t\n\t\t<div class=\"blog-post-content-wrap\">\n\t\t\t<div class=\"blog-post-meta small\">\n\t\t\t\t<ul class=\"list-inline d-flex align-items-center mb-1\">\n\t\t\t\t\t\n\t\t\t\t\t\n\t\t\t\t<\/ul>\n\t\t\t<\/div><!-- blog-post-meta -->\n\t\t\t<div class=\"blog-post-title\">\n\t\t\t\t<h3 class=\"mb-1\"><a href=\"https:\/\/claus-von-benz.com\/es\/procedimiento-acelerado-de-okupacion-lo-que-deben-saber-los-propietarios-de-inmuebles-en-mallorca\/\">Procedimiento abreviado por okupaci\u00f3n - Lo que deben saber los propietarios en Mallorca<\/a><\/h3>\n\t\t\t<\/div><!-- blog-post-title -->\n\t\t\t<div class=\"blog-post-body mb-1\">\n\t\t\t\tEl 14 de noviembre de 2024, el Congreso espa\u00f1ol aprob\u00f3 una importante enmienda a la ley que...\t\t\t<\/div><!-- blog-post-body -->\n\t\t\t<div class=\"blog-post-link small\">\n\t\t\t\t<a href=\"https:\/\/claus-von-benz.com\/es\/procedimiento-acelerado-de-okupacion-lo-que-deben-saber-los-propietarios-de-inmuebles-en-mallorca\/\">Seguir leyendo<\/a>\n\t\t\t<\/div><!-- blog-post-link -->\n\t\t<\/div><!-- blog-post-content-wrap -->\n\t\t\t<\/div><!-- blog-post-item -->\n<\/div><!-- blog-post-item-wrap --><div class=\"blog-post-item-wrap\">\n\t<div id=\"post-9040\" class=\"blog-post-item blog-post-item-v1 mb-3 post-9040 post type-post status-publish format-standard has-post-thumbnail hentry category-bauen category-baugenehmigung category-construction category-mallorca tag-bauen tag-hausbau tag-mallorca\">\n\t\t\n\t\t\t\t<div class=\"blog-post-thumb\">\n\t\t\t<a href=\"https:\/\/claus-von-benz.com\/es\/la-amnistia-del-gobierno-insular-una-oportunidad-para-legalizar-la-propiedad-en-suelo-rustico\/\" class=\"hover-effect image-wrap\">\n\t\t\t\t<img loading=\"lazy\" decoding=\"async\" width=\"1440\" height=\"900\" src=\"https:\/\/claus-von-benz.com\/wp-content\/uploads\/2024\/10\/mallorca-blog_amnestie-legalisierung.jpg\" class=\"img-fluid wp-post-image\" alt=\"mallorca blog amnist\u00eda legalizaci\u00f3n\" srcset=\"https:\/\/claus-von-benz.com\/wp-content\/uploads\/2024\/10\/mallorca-blog_amnestie-legalisierung.jpg 1440w, https:\/\/claus-von-benz.com\/wp-content\/uploads\/2024\/10\/mallorca-blog_amnestie-legalisierung-300x188.jpg 300w, https:\/\/claus-von-benz.com\/wp-content\/uploads\/2024\/10\/mallorca-blog_amnestie-legalisierung-1024x640.jpg 1024w, https:\/\/claus-von-benz.com\/wp-content\/uploads\/2024\/10\/mallorca-blog_amnestie-legalisierung-768x480.jpg 768w, https:\/\/claus-von-benz.com\/wp-content\/uploads\/2024\/10\/mallorca-blog_amnestie-legalisierung-18x12.jpg 18w, https:\/\/claus-von-benz.com\/wp-content\/uploads\/2024\/10\/mallorca-blog_amnestie-legalisierung-960x600.jpg 960w, https:\/\/claus-von-benz.com\/wp-content\/uploads\/2024\/10\/mallorca-blog_amnestie-legalisierung-496x310.jpg 496w\" sizes=\"(max-width: 1440px) 100vw, 1440px\" \/>\t\t\t<\/a>\n\t\t<\/div><!-- blog-post-thumb -->\n\t\t\n\t\t<div class=\"blog-post-content-wrap\">\n\t\t\t<div class=\"blog-post-meta small\">\n\t\t\t\t<ul class=\"list-inline d-flex align-items-center mb-1\">\n\t\t\t\t\t\n\t\t\t\t\t\n\t\t\t\t<\/ul>\n\t\t\t<\/div><!-- blog-post-meta -->\n\t\t\t<div class=\"blog-post-title\">\n\t\t\t\t<h3 class=\"mb-1\"><a href=\"https:\/\/claus-von-benz.com\/es\/la-amnistia-del-gobierno-insular-una-oportunidad-para-legalizar-la-propiedad-en-suelo-rustico\/\">Amnist\u00eda del Gobierno insular: una oportunidad para legalizar las propiedades en suelo r\u00fastico<\/a><\/h3>\n\t\t\t<\/div><!-- blog-post-title -->\n\t\t\t<div class=\"blog-post-body mb-1\">\n\t\t\t\tEl gobierno balear ha introducido recientemente una amnist\u00eda que permite a los inmigrantes ilegales...\t\t\t<\/div><!-- blog-post-body -->\n\t\t\t<div class=\"blog-post-link small\">\n\t\t\t\t<a href=\"https:\/\/claus-von-benz.com\/es\/la-amnistia-del-gobierno-insular-una-oportunidad-para-legalizar-la-propiedad-en-suelo-rustico\/\">Seguir leyendo<\/a>\n\t\t\t<\/div><!-- blog-post-link -->\n\t\t<\/div><!-- blog-post-content-wrap -->\n\t\t\t<\/div><!-- blog-post-item -->\n<\/div><!-- blog-post-item-wrap --><div class=\"blog-post-item-wrap\">\n\t<div id=\"post-8759\" class=\"blog-post-item blog-post-item-v1 mb-3 post-8759 post type-post status-publish format-standard has-post-thumbnail hentry category-lifestyle category-mallorca tag-arbeiten-auf-mallorca tag-lifestyle tag-mallorca\">\n\t\t\n\t\t\t\t<div class=\"blog-post-thumb\">\n\t\t\t<a href=\"https:\/\/claus-von-benz.com\/es\/mallorca-el-paraiso-del-trabajo-a-distancia-en-todo-el-mundo\/\" class=\"hover-effect image-wrap\">\n\t\t\t\t<img loading=\"lazy\" decoding=\"async\" width=\"1440\" height=\"900\" src=\"https:\/\/claus-von-benz.com\/wp-content\/uploads\/2024\/09\/mallorca-blog_vom_remote-work.jpg\" class=\"img-fluid wp-post-image\" alt=\"mallorca blog desde trabajo remoto\" srcset=\"https:\/\/claus-von-benz.com\/wp-content\/uploads\/2024\/09\/mallorca-blog_vom_remote-work.jpg 1440w, https:\/\/claus-von-benz.com\/wp-content\/uploads\/2024\/09\/mallorca-blog_vom_remote-work-300x188.jpg 300w, https:\/\/claus-von-benz.com\/wp-content\/uploads\/2024\/09\/mallorca-blog_vom_remote-work-1024x640.jpg 1024w, https:\/\/claus-von-benz.com\/wp-content\/uploads\/2024\/09\/mallorca-blog_vom_remote-work-768x480.jpg 768w, https:\/\/claus-von-benz.com\/wp-content\/uploads\/2024\/09\/mallorca-blog_vom_remote-work-18x12.jpg 18w, https:\/\/claus-von-benz.com\/wp-content\/uploads\/2024\/09\/mallorca-blog_vom_remote-work-960x600.jpg 960w, https:\/\/claus-von-benz.com\/wp-content\/uploads\/2024\/09\/mallorca-blog_vom_remote-work-496x310.jpg 496w\" sizes=\"(max-width: 1440px) 100vw, 1440px\" \/>\t\t\t<\/a>\n\t\t<\/div><!-- blog-post-thumb -->\n\t\t\n\t\t<div class=\"blog-post-content-wrap\">\n\t\t\t<div class=\"blog-post-meta small\">\n\t\t\t\t<ul class=\"list-inline d-flex align-items-center mb-1\">\n\t\t\t\t\t\n\t\t\t\t\t\n\t\t\t\t<\/ul>\n\t\t\t<\/div><!-- blog-post-meta -->\n\t\t\t<div class=\"blog-post-title\">\n\t\t\t\t<h3 class=\"mb-1\"><a href=\"https:\/\/claus-von-benz.com\/es\/mallorca-el-paraiso-del-trabajo-a-distancia-en-todo-el-mundo\/\">Mallorca: EL para\u00edso mundial del trabajo a distancia<\/a><\/h3>\n\t\t\t<\/div><!-- blog-post-title -->\n\t\t\t<div class=\"blog-post-body mb-1\">\n\t\t\t\tMallorca se ha consolidado como el principal destino mundial para el trabajo a distancia. Seg\u00fan un reciente...\t\t\t<\/div><!-- blog-post-body -->\n\t\t\t<div class=\"blog-post-link small\">\n\t\t\t\t<a href=\"https:\/\/claus-von-benz.com\/es\/mallorca-el-paraiso-del-trabajo-a-distancia-en-todo-el-mundo\/\">Seguir leyendo<\/a>\n\t\t\t<\/div><!-- blog-post-link -->\n\t\t<\/div><!-- blog-post-content-wrap -->\n\t\t\t<\/div><!-- blog-post-item -->\n<\/div><!-- blog-post-item-wrap -->            <\/div>\n        <\/div>\n\n        \t\t\t\t<\/div>\n\t\t\t\t<\/div>\n\t\t\t\t\t<\/div>\n\t\t<\/div>\n\t\t\t\t\t<\/div>\n\t\t<\/section>\n\t\t\t\t<\/div>","protected":false},"excerpt":{"rendered":"<p>&gt; Volver a Mallorca Insights overview Los puertos deportivos m\u00e1s bonitos de Mallorca Lujo, naturaleza y estilo mediterr\u00e1neo Mallorca, la perla de las Islas Baleares, no s\u00f3lo es conocida por sus impresionantes playas y pintorescos pueblos, sino tambi\u00e9n por sus puertos deportivos de primera clase. Estos puertos no s\u00f3lo son escalas para navegantes y propietarios de yates, sino que tambi\u00e9n ofrecen [...]<\/p>","protected":false},"author":2,"featured_media":0,"parent":2106,"menu_order":1,"comment_status":"closed","ping_status":"closed","template":"","meta":{"_seopress_robots_primary_cat":"","_seopress_titles_title":"","_seopress_titles_desc":"","_seopress_robots_index":"","om_disable_all_campaigns":false,"_uf_show_specific_survey":0,"_uf_disable_surveys":false,"footnotes":""},"class_list":["post-4152","page","type-page","status-publish","hentry"],"_links":{"self":[{"href":"https:\/\/claus-von-benz.com\/es\/wp-json\/wp\/v2\/pages\/4152","targetHints":{"allow":["GET"]}}],"collection":[{"href":"https:\/\/claus-von-benz.com\/es\/wp-json\/wp\/v2\/pages"}],"about":[{"href":"https:\/\/claus-von-benz.com\/es\/wp-json\/wp\/v2\/types\/page"}],"author":[{"embeddable":true,"href":"https:\/\/claus-von-benz.com\/es\/wp-json\/wp\/v2\/users\/2"}],"replies":[{"embeddable":true,"href":"https:\/\/claus-von-benz.com\/es\/wp-json\/wp\/v2\/comments?post=4152"}],"version-history":[{"count":129,"href":"https:\/\/claus-von-benz.com\/es\/wp-json\/wp\/v2\/pages\/4152\/revisions"}],"predecessor-version":[{"id":4610,"href":"https:\/\/claus-von-benz.com\/es\/wp-json\/wp\/v2\/pages\/4152\/revisions\/4610"}],"up":[{"embeddable":true,"href":"https:\/\/claus-von-benz.com\/es\/wp-json\/wp\/v2\/pages\/2106"}],"wp:attachment":[{"href":"https:\/\/claus-von-benz.com\/es\/wp-json\/wp\/v2\/media?parent=4152"}],"curies":[{"name":"wp","href":"https:\/\/api.w.org\/{rel}","templated":true}]}}